{"id":13168,"date":"2023-12-02T12:24:24","date_gmt":"2023-12-02T12:24:24","guid":{"rendered":"https:\/\/Regalino-Shop.de\/?post_type=product&#038;p=13168"},"modified":"2025-10-27T12:31:37","modified_gmt":"2025-10-27T12:31:37","slug":"erinnerungen-des-waldes-woow-books","status":"publish","type":"product","link":"https:\/\/Regalino-Shop.de\/?product=erinnerungen-des-waldes-woow-books","title":{"rendered":"*Erinnerungen des Waldes* WOOW Books"},"content":{"rendered":"<p>[et_pb_section fb_built=&#8220;1&#8243; _builder_version=&#8220;4.16&#8243; custom_padding=&#8220;0px||||false|false&#8220; global_colors_info=&#8220;{}&#8220;][et_pb_row _builder_version=&#8220;4.16&#8243; background_size=&#8220;initial&#8220; background_position=&#8220;top_left&#8220; background_repeat=&#8220;repeat&#8220; width=&#8220;100%&#8220; custom_padding=&#8220;0px||0px||false|false&#8220; global_colors_info=&#8220;{}&#8220;][et_pb_column type=&#8220;4_4&#8243; _builder_version=&#8220;4.16&#8243; custom_padding=&#8220;|||&#8220; global_colors_info=&#8220;{}&#8220; custom_padding__hover=&#8220;|||&#8220;][et_pb_wc_breadcrumb _builder_version=&#8220;4.16&#8243; global_colors_info=&#8220;{}&#8220;][\/et_pb_wc_breadcrumb][et_pb_wc_cart_notice _builder_version=&#8220;4.16&#8243; global_colors_info=&#8220;{}&#8220;][\/et_pb_wc_cart_notice][\/et_pb_column][\/et_pb_row][et_pb_row column_structure=&#8220;1_2,1_2&#8243; _builder_version=&#8220;4.16&#8243; background_size=&#8220;initial&#8220; background_position=&#8220;top_left&#8220; background_repeat=&#8220;repeat&#8220; width=&#8220;100%&#8220; custom_padding=&#8220;0px||||false|false&#8220; global_colors_info=&#8220;{}&#8220;][et_pb_column type=&#8220;1_2&#8243; _builder_version=&#8220;4.16&#8243; custom_padding=&#8220;|||&#8220; global_colors_info=&#8220;{}&#8220; custom_padding__hover=&#8220;|||&#8220;][et_pb_wc_images _builder_version=&#8220;4.16&#8243; global_colors_info=&#8220;{}&#8220;][\/et_pb_wc_images][\/et_pb_column][et_pb_column type=&#8220;1_2&#8243; _builder_version=&#8220;4.16&#8243; custom_padding=&#8220;|||&#8220; global_colors_info=&#8220;{}&#8220; custom_padding__hover=&#8220;|||&#8220;][et_pb_wc_title _builder_version=&#8220;4.16&#8243; global_colors_info=&#8220;{}&#8220;][\/et_pb_wc_title][et_pb_wc_rating _builder_version=&#8220;4.16&#8243; global_colors_info=&#8220;{}&#8220;][\/et_pb_wc_rating][et_pb_wc_price _builder_version=&#8220;4.16&#8243; global_colors_info=&#8220;{}&#8220;][\/et_pb_wc_price][et_pb_wc_description _builder_version=&#8220;4.16&#8243; global_colors_info=&#8220;{}&#8220;][\/et_pb_wc_description][et_pb_wc_add_to_cart _builder_version=&#8220;4.16&#8243; global_colors_info=&#8220;{}&#8220;][\/et_pb_wc_add_to_cart][et_pb_wc_meta _builder_version=&#8220;4.16&#8243; global_colors_info=&#8220;{}&#8220;][\/et_pb_wc_meta][\/et_pb_column][\/et_pb_row][et_pb_row _builder_version=&#8220;4.16&#8243; background_size=&#8220;initial&#8220; background_position=&#8220;top_left&#8220; background_repeat=&#8220;repeat&#8220; width=&#8220;100%&#8220; global_colors_info=&#8220;{}&#8220;][et_pb_column type=&#8220;4_4&#8243; _builder_version=&#8220;4.16&#8243; custom_padding=&#8220;|||&#8220; global_colors_info=&#8220;{}&#8220; custom_padding__hover=&#8220;|||&#8220;][et_pb_wc_tabs _builder_version=&#8220;4.16&#8243; global_colors_info=&#8220;{}&#8220;]\t\t\t\t\t[\/et_pb_wc_tabs][et_pb_wc_upsells _builder_version=&#8220;4.16&#8243; global_colors_info=&#8220;{}&#8220;][\/et_pb_wc_upsells][et_pb_wc_related_products _builder_version=&#8220;4.16&#8243; global_colors_info=&#8220;{}&#8220;][\/et_pb_wc_related_products][\/et_pb_column][\/et_pb_row][\/et_pb_section]<\/p>\n","protected":false},"excerpt":{"rendered":"<div class=\"a-expander-content a-expander-partial-collapse-content a-expander-content-expanded\" aria-expanded=\"true\">\n<h3><span class=\"a-text-bold\">Auf den Spuren von Ferdinand Maulwurf<\/span><\/h3>\n<p><span class=\"a-text-bold\">ein besonderes Buch &#8211; warm, witzig, wunderbar und ein wenig weise<br \/>\n<\/span><\/p>\n<p>In einer gro\u00dfen, alten Eiche, mitten im Dorfwald von Sch\u00f6nrinde, f\u00fchrt Archibald Fuchs seine eigene Buchhandlung. Er liebt sein ruhiges Leben, die geordneten Regale und die unterhaltsamen Gespr\u00e4che mit seinen Kunden. Eines Tages jedoch bringt sein Freund und Stammkunde Ferdinand Maulwurf die Ordnung v\u00f6llig durcheinander. Ferdinand wird zunehmend zerstreuter und vergesslicher und kann seine Frau nicht mehr finden. Nun hofft er in seiner Autobiografie Antworten zu finden. Diese hat Archibald jedoch vor einigen Tagen verkauft. Kurzerhand erkl\u00e4rt sich der Fuchs bereit, seinem Freund zu helfen. Die beiden machen sich auf den Weg quer durch den Wald, und ein gro\u00dfes Abenteuer beginnt \u2013 werden die beiden Ferdinands Frau finden?<\/p>\n<p>empfohlen ab 8 Jahren<\/p>\n<\/div>\n<p>&nbsp;<\/p>\n<div>\n<p>Erschienen: 17.08.2023<br \/>\ngebundene Ausgabe, 256 Seiten<br \/>\nISBN: <span class=\"a-list-item\">978-3-039670062<\/span><\/p>\n<\/div>\n","protected":false},"featured_media":13169,"template":"","meta":{"_et_pb_use_builder":"on","_et_pb_old_content":"","_et_gb_content_width":""},"product_brand":[],"product_cat":[1781,96,57],"product_tag":[903,291,290,288,904,901],"class_list":{"0":"post-13168","1":"product","2":"type-product","3":"status-publish","4":"has-post-thumbnail","6":"product_cat-vorlesen-bilderbuecher-fuer-kinder-regalino","7":"product_cat-buecher-fuer-erwachsene-besondere-lieblingsstuecke-regalino","8":"product_cat-neu-eingetroffen-neue-lieblingsstuecke-bei-regalino","9":"product_tag-bildband","10":"product_tag-buch","11":"product_tag-buecher","12":"product_tag-geschenk","13":"product_tag-herzensmensch","14":"product_tag-kinderbuch","16":"first","17":"instock","18":"taxable","19":"shipping-taxable","20":"purchasable","21":"product-type-simple"},"yoast_head":"<!-- This site is optimized with the Yoast SEO plugin v27.5 - https:\/\/yoast.com\/product\/yoast-seo-wordpress\/ -->\n<title>*Erinnerungen des Waldes* WOOW Books - Regalino -Lively Style<\/title>\n<meta name=\"description\" content=\"ein wunderbar einf\u00fchlsames Buch, witzig und ein bisschen weise. In einer gro\u00dfen, alten Eiche, mitten im Dorfwald von Sch\u00f6nrinde, f\u00fchrt Archibald Fuchs seine eigene Buchhandlung. Er liebt sein ruhiges Leben, die geordneten Regale und die unterhaltsamen Gespr\u00e4che mit seinen Kunden, aber dann...\" \/>\n<meta name=\"robots\" content=\"index, follow, max-snippet:-1, max-image-preview:large, max-video-preview:-1\" \/>\n<link rel=\"canonical\" href=\"https:\/\/Regalino-Shop.de\/?product=erinnerungen-des-waldes-woow-books\" \/>\n<meta property=\"og:locale\" content=\"de_DE\" \/>\n<meta property=\"og:type\" content=\"article\" \/>\n<meta property=\"og:title\" content=\"*Erinnerungen des Waldes* WOOW Books - Regalino -Lively Style\" \/>\n<meta property=\"og:description\" content=\"ein wunderbar einf\u00fchlsames Buch, witzig und ein bisschen weise. In einer gro\u00dfen, alten Eiche, mitten im Dorfwald von Sch\u00f6nrinde, f\u00fchrt Archibald Fuchs seine eigene Buchhandlung. Er liebt sein ruhiges Leben, die geordneten Regale und die unterhaltsamen Gespr\u00e4che mit seinen Kunden, aber dann...\" \/>\n<meta property=\"og:url\" content=\"https:\/\/Regalino-Shop.de\/?product=erinnerungen-des-waldes-woow-books\" \/>\n<meta property=\"og:site_name\" content=\"Regalino -Lively Style\" \/>\n<meta property=\"article:modified_time\" content=\"2025-10-27T12:31:37+00:00\" \/>\n<meta property=\"og:image\" content=\"https:\/\/Regalino-Shop.de\/wp-content\/uploads\/2023\/12\/erinnerungen-des-waldes-woow-books.jpg\" \/>\n\t<meta property=\"og:image:width\" content=\"971\" \/>\n\t<meta property=\"og:image:height\" content=\"1500\" \/>\n\t<meta property=\"og:image:type\" content=\"image\/jpeg\" \/>\n<meta name=\"twitter:card\" content=\"summary_large_image\" \/>\n<meta name=\"twitter:label1\" content=\"Gesch\u00e4tzte Lesezeit\" \/>\n\t<meta name=\"twitter:data1\" content=\"1\u00a0Minute\" \/>\n<script type=\"application\/ld+json\" class=\"yoast-schema-graph\">{\"@context\":\"https:\\\/\\\/schema.org\",\"@graph\":[{\"@type\":\"WebPage\",\"@id\":\"https:\\\/\\\/Regalino-Shop.de\\\/?product=erinnerungen-des-waldes-woow-books\",\"url\":\"https:\\\/\\\/Regalino-Shop.de\\\/?product=erinnerungen-des-waldes-woow-books\",\"name\":\"*Erinnerungen des Waldes* WOOW Books - Regalino -Lively Style\",\"isPartOf\":{\"@id\":\"https:\\\/\\\/Regalino-Shop.de\\\/#website\"},\"primaryImageOfPage\":{\"@id\":\"https:\\\/\\\/Regalino-Shop.de\\\/?product=erinnerungen-des-waldes-woow-books#primaryimage\"},\"image\":{\"@id\":\"https:\\\/\\\/Regalino-Shop.de\\\/?product=erinnerungen-des-waldes-woow-books#primaryimage\"},\"thumbnailUrl\":\"https:\\\/\\\/Regalino-Shop.de\\\/wp-content\\\/uploads\\\/2023\\\/12\\\/erinnerungen-des-waldes-woow-books.jpg\",\"datePublished\":\"2023-12-02T12:24:24+00:00\",\"dateModified\":\"2025-10-27T12:31:37+00:00\",\"description\":\"ein wunderbar einf\u00fchlsames Buch, witzig und ein bisschen weise. In einer gro\u00dfen, alten Eiche, mitten im Dorfwald von Sch\u00f6nrinde, f\u00fchrt Archibald Fuchs seine eigene Buchhandlung. Er liebt sein ruhiges Leben, die geordneten Regale und die unterhaltsamen Gespr\u00e4che mit seinen Kunden, aber dann...\",\"breadcrumb\":{\"@id\":\"https:\\\/\\\/Regalino-Shop.de\\\/?product=erinnerungen-des-waldes-woow-books#breadcrumb\"},\"inLanguage\":\"de\",\"potentialAction\":[{\"@type\":\"ReadAction\",\"target\":[\"https:\\\/\\\/Regalino-Shop.de\\\/?product=erinnerungen-des-waldes-woow-books\"]}]},{\"@type\":\"ImageObject\",\"inLanguage\":\"de\",\"@id\":\"https:\\\/\\\/Regalino-Shop.de\\\/?product=erinnerungen-des-waldes-woow-books#primaryimage\",\"url\":\"https:\\\/\\\/Regalino-Shop.de\\\/wp-content\\\/uploads\\\/2023\\\/12\\\/erinnerungen-des-waldes-woow-books.jpg\",\"contentUrl\":\"https:\\\/\\\/Regalino-Shop.de\\\/wp-content\\\/uploads\\\/2023\\\/12\\\/erinnerungen-des-waldes-woow-books.jpg\",\"width\":971,\"height\":1500},{\"@type\":\"BreadcrumbList\",\"@id\":\"https:\\\/\\\/Regalino-Shop.de\\\/?product=erinnerungen-des-waldes-woow-books#breadcrumb\",\"itemListElement\":[{\"@type\":\"ListItem\",\"position\":1,\"name\":\"Startseite\",\"item\":\"https:\\\/\\\/Regalino-Shop.de\\\/\"},{\"@type\":\"ListItem\",\"position\":2,\"name\":\"Shop\",\"item\":\"https:\\\/\\\/Regalino-Shop.de\\\/?page_id=40\"},{\"@type\":\"ListItem\",\"position\":3,\"name\":\"*Erinnerungen des Waldes* WOOW Books\"}]},{\"@type\":\"WebSite\",\"@id\":\"https:\\\/\\\/Regalino-Shop.de\\\/#website\",\"url\":\"https:\\\/\\\/Regalino-Shop.de\\\/\",\"name\":\"Regalino -Lively Style\",\"description\":\"gelebtes Zuhause\",\"potentialAction\":[{\"@type\":\"SearchAction\",\"target\":{\"@type\":\"EntryPoint\",\"urlTemplate\":\"https:\\\/\\\/Regalino-Shop.de\\\/?s={search_term_string}\"},\"query-input\":{\"@type\":\"PropertyValueSpecification\",\"valueRequired\":true,\"valueName\":\"search_term_string\"}}],\"inLanguage\":\"de\"}]}<\/script>\n<!-- \/ Yoast SEO plugin. -->","yoast_head_json":{"title":"*Erinnerungen des Waldes* WOOW Books - Regalino -Lively Style","description":"ein wunderbar einf\u00fchlsames Buch, witzig und ein bisschen weise. In einer gro\u00dfen, alten Eiche, mitten im Dorfwald von Sch\u00f6nrinde, f\u00fchrt Archibald Fuchs seine eigene Buchhandlung. Er liebt sein ruhiges Leben, die geordneten Regale und die unterhaltsamen Gespr\u00e4che mit seinen Kunden, aber dann...","robots":{"index":"index","follow":"follow","max-snippet":"max-snippet:-1","max-image-preview":"max-image-preview:large","max-video-preview":"max-video-preview:-1"},"canonical":"https:\/\/Regalino-Shop.de\/?product=erinnerungen-des-waldes-woow-books","og_locale":"de_DE","og_type":"article","og_title":"*Erinnerungen des Waldes* WOOW Books - Regalino -Lively Style","og_description":"ein wunderbar einf\u00fchlsames Buch, witzig und ein bisschen weise. In einer gro\u00dfen, alten Eiche, mitten im Dorfwald von Sch\u00f6nrinde, f\u00fchrt Archibald Fuchs seine eigene Buchhandlung. Er liebt sein ruhiges Leben, die geordneten Regale und die unterhaltsamen Gespr\u00e4che mit seinen Kunden, aber dann...","og_url":"https:\/\/Regalino-Shop.de\/?product=erinnerungen-des-waldes-woow-books","og_site_name":"Regalino -Lively Style","article_modified_time":"2025-10-27T12:31:37+00:00","og_image":[{"width":971,"height":1500,"url":"https:\/\/Regalino-Shop.de\/wp-content\/uploads\/2023\/12\/erinnerungen-des-waldes-woow-books.jpg","type":"image\/jpeg"}],"twitter_card":"summary_large_image","twitter_misc":{"Gesch\u00e4tzte Lesezeit":"1\u00a0Minute"},"schema":{"@context":"https:\/\/schema.org","@graph":[{"@type":"WebPage","@id":"https:\/\/Regalino-Shop.de\/?product=erinnerungen-des-waldes-woow-books","url":"https:\/\/Regalino-Shop.de\/?product=erinnerungen-des-waldes-woow-books","name":"*Erinnerungen des Waldes* WOOW Books - Regalino -Lively Style","isPartOf":{"@id":"https:\/\/Regalino-Shop.de\/#website"},"primaryImageOfPage":{"@id":"https:\/\/Regalino-Shop.de\/?product=erinnerungen-des-waldes-woow-books#primaryimage"},"image":{"@id":"https:\/\/Regalino-Shop.de\/?product=erinnerungen-des-waldes-woow-books#primaryimage"},"thumbnailUrl":"https:\/\/Regalino-Shop.de\/wp-content\/uploads\/2023\/12\/erinnerungen-des-waldes-woow-books.jpg","datePublished":"2023-12-02T12:24:24+00:00","dateModified":"2025-10-27T12:31:37+00:00","description":"ein wunderbar einf\u00fchlsames Buch, witzig und ein bisschen weise. In einer gro\u00dfen, alten Eiche, mitten im Dorfwald von Sch\u00f6nrinde, f\u00fchrt Archibald Fuchs seine eigene Buchhandlung. Er liebt sein ruhiges Leben, die geordneten Regale und die unterhaltsamen Gespr\u00e4che mit seinen Kunden, aber dann...","breadcrumb":{"@id":"https:\/\/Regalino-Shop.de\/?product=erinnerungen-des-waldes-woow-books#breadcrumb"},"inLanguage":"de","potentialAction":[{"@type":"ReadAction","target":["https:\/\/Regalino-Shop.de\/?product=erinnerungen-des-waldes-woow-books"]}]},{"@type":"ImageObject","inLanguage":"de","@id":"https:\/\/Regalino-Shop.de\/?product=erinnerungen-des-waldes-woow-books#primaryimage","url":"https:\/\/Regalino-Shop.de\/wp-content\/uploads\/2023\/12\/erinnerungen-des-waldes-woow-books.jpg","contentUrl":"https:\/\/Regalino-Shop.de\/wp-content\/uploads\/2023\/12\/erinnerungen-des-waldes-woow-books.jpg","width":971,"height":1500},{"@type":"BreadcrumbList","@id":"https:\/\/Regalino-Shop.de\/?product=erinnerungen-des-waldes-woow-books#breadcrumb","itemListElement":[{"@type":"ListItem","position":1,"name":"Startseite","item":"https:\/\/Regalino-Shop.de\/"},{"@type":"ListItem","position":2,"name":"Shop","item":"https:\/\/Regalino-Shop.de\/?page_id=40"},{"@type":"ListItem","position":3,"name":"*Erinnerungen des Waldes* WOOW Books"}]},{"@type":"WebSite","@id":"https:\/\/Regalino-Shop.de\/#website","url":"https:\/\/Regalino-Shop.de\/","name":"Regalino -Lively Style","description":"gelebtes Zuhause","potentialAction":[{"@type":"SearchAction","target":{"@type":"EntryPoint","urlTemplate":"https:\/\/Regalino-Shop.de\/?s={search_term_string}"},"query-input":{"@type":"PropertyValueSpecification","valueRequired":true,"valueName":"search_term_string"}}],"inLanguage":"de"}]}},"_links":{"self":[{"href":"https:\/\/Regalino-Shop.de\/index.php?rest_route=\/wp\/v2\/product\/13168","targetHints":{"allow":["GET"]}}],"collection":[{"href":"https:\/\/Regalino-Shop.de\/index.php?rest_route=\/wp\/v2\/product"}],"about":[{"href":"https:\/\/Regalino-Shop.de\/index.php?rest_route=\/wp\/v2\/types\/product"}],"wp:featuredmedia":[{"embeddable":true,"href":"https:\/\/Regalino-Shop.de\/index.php?rest_route=\/wp\/v2\/media\/13169"}],"wp:attachment":[{"href":"https:\/\/Regalino-Shop.de\/index.php?rest_route=%2Fwp%2Fv2%2Fmedia&parent=13168"}],"wp:term":[{"taxonomy":"product_brand","embeddable":true,"href":"https:\/\/Regalino-Shop.de\/index.php?rest_route=%2Fwp%2Fv2%2Fproduct_brand&post=13168"},{"taxonomy":"product_cat","embeddable":true,"href":"https:\/\/Regalino-Shop.de\/index.php?rest_route=%2Fwp%2Fv2%2Fproduct_cat&post=13168"},{"taxonomy":"product_tag","embeddable":true,"href":"https:\/\/Regalino-Shop.de\/index.php?rest_route=%2Fwp%2Fv2%2Fproduct_tag&post=13168"}],"curies":[{"name":"wp","href":"https:\/\/api.w.org\/{rel}","templated":true}]}}