{"id":17979,"date":"2026-03-05T10:31:58","date_gmt":"2026-03-05T10:31:58","guid":{"rendered":"https:\/\/Regalino-Shop.de\/?post_type=product&#038;p=17979"},"modified":"2026-04-02T17:00:39","modified_gmt":"2026-04-02T17:00:39","slug":"geschirrtuch-kariert-gelb-50x70-cm-krasilnikoff","status":"publish","type":"product","link":"https:\/\/Regalino-Shop.de\/?product=geschirrtuch-kariert-gelb-50x70-cm-krasilnikoff","title":{"rendered":"Geschirrtuch *Karo* gro\u00df gelb"},"content":{"rendered":"","protected":false},"excerpt":{"rendered":"<div class=\"product--description block\">\n<h3 data-start=\"101\" data-end=\"157\">Geschirrtuch Large Checkered Yellow | 50 \u00d7 70 cm<\/h3>\n<p data-start=\"174\" data-end=\"248\">Klassisches Karomuster, frischer Farbton und gemacht f\u00fcr den K\u00fcchenalltag.<\/p>\n<p data-start=\"250\" data-end=\"543\">Das <strong data-start=\"254\" data-end=\"293\">Geschirrtuch Large Checkered Yellow<\/strong> von Krasilnikoff bringt mit seinem gro\u00dfen Karomuster eine lebendige, skandinavische Note in die K\u00fcche. Die hochwertige Baumwolle sorgt f\u00fcr eine gute Saugf\u00e4higkeit und macht das Tuch zu einem praktischen Begleiter beim Abtrocknen, Kochen oder Backen.<\/p>\n<p data-start=\"545\" data-end=\"656\">Das klare Muster wirkt zeitlos und l\u00e4sst sich leicht mit Keramik, Holz und anderen K\u00fcchentextilien kombinieren.<\/p>\n<hr data-start=\"658\" data-end=\"661\" \/>\n<h3 data-start=\"663\" data-end=\"674\">Details<\/h3>\n<ul data-start=\"676\" data-end=\"826\">\n<li data-start=\"676\" data-end=\"701\">\n<p data-start=\"678\" data-end=\"701\">Gr\u00f6\u00dfe: <strong data-start=\"685\" data-end=\"699\">50 \u00d7 70 cm<\/strong><\/p>\n<\/li>\n<li data-start=\"702\" data-end=\"725\">\n<p data-start=\"704\" data-end=\"725\">Material: Baumwolle<\/p>\n<\/li>\n<li data-start=\"726\" data-end=\"772\">\n<p data-start=\"728\" data-end=\"772\"><strong data-start=\"728\" data-end=\"770\">STANDARD 100 by OEKO-TEX\u00ae zertifiziert<br \/>\n<\/strong><strong data-start=\"728\" data-end=\"770\"><br \/>\n<\/strong><strong data-start=\"828\" data-end=\"838\">Pflege<\/strong><\/p>\n<\/li>\n<\/ul>\n<ul data-start=\"840\" data-end=\"962\">\n<li data-start=\"840\" data-end=\"869\">\n<p data-start=\"842\" data-end=\"869\">Maschinenw\u00e4sche <strong data-start=\"858\" data-end=\"867\">30 \u00b0C<\/strong><\/p>\n<\/li>\n<li data-start=\"870\" data-end=\"888\">\n<p data-start=\"872\" data-end=\"888\">nicht bleichen<\/p>\n<\/li>\n<li data-start=\"889\" data-end=\"919\">\n<p data-start=\"891\" data-end=\"919\">nicht im Trockner trocknen<\/p>\n<\/li>\n<li data-start=\"920\" data-end=\"962\">\n<p data-start=\"922\" data-end=\"962\">m\u00f6glichst keinen Weichsp\u00fcler verwenden<\/p>\n<\/li>\n<\/ul>\n<p data-start=\"964\" data-end=\"1091\">Tipp:<br data-start=\"969\" data-end=\"972\" \/>Vor der ersten W\u00e4sche das Geschirrtuch <strong data-start=\"1011\" data-end=\"1053\">24 Stunden in kaltem Wasser einweichen<\/strong>, damit die Saugf\u00e4higkeit erh\u00f6ht wird.<\/p>\n<hr data-start=\"1093\" data-end=\"1096\" \/>\n<h3 data-start=\"1098\" data-end=\"1126\">\ud83e\udd0d Regalino Styling-Tipp<\/h3>\n<p data-start=\"1128\" data-end=\"1144\">Besonders sch\u00f6n:<\/p>\n<ul data-start=\"1146\" data-end=\"1308\">\n<li data-start=\"1146\" data-end=\"1198\">\n<p data-start=\"1148\" data-end=\"1198\">\u00fcber den Ofengriff oder eine K\u00fcchenstange gelegt<\/p>\n<\/li>\n<li data-start=\"1199\" data-end=\"1246\">\n<p data-start=\"1201\" data-end=\"1246\">kombiniert mit wei\u00dfer Keramik und Holzbrett<\/p>\n<\/li>\n<li data-start=\"1247\" data-end=\"1308\">\n<p data-start=\"1249\" data-end=\"1308\">zusammen mit Zitronen oder Kr\u00e4utern auf der Arbeitsfl\u00e4che<\/p>\n<\/li>\n<\/ul>\n<p data-start=\"1310\" data-end=\"1371\">So entsteht eine <strong data-start=\"1327\" data-end=\"1370\">freundliche, nordische K\u00fcchenatmosph\u00e4re<\/strong><\/p>\n<p>Lieferumfang: 1 Geschirrtuch<\/p>\n<p>&nbsp;<\/p>\n<\/div>\n","protected":false},"featured_media":17981,"template":"","meta":{"_et_pb_use_builder":"","_et_pb_old_content":"","_et_gb_content_width":""},"product_brand":[1895],"product_cat":[57,1608,81],"product_tag":[2454,2590,2592,2593,2594,2591,2397],"class_list":{"0":"post-17979","1":"product","2":"type-product","3":"status-publish","4":"has-post-thumbnail","6":"product_brand-krasilnikoff","7":"product_cat-neu-eingetroffen-neue-lieblingsstuecke-bei-regalino","8":"product_cat-ostern-osterdeko-geschenkideen-regalino","9":"product_cat-kuechentextilien-im-scandi-breton-stil-regalino","10":"product_tag-geschirrtuch-baumwolle","11":"product_tag-geschirrtuch-kariert-gelb","12":"product_tag-krasilnikoff-geschirrtuch","13":"product_tag-kuechentextilien-skandinavisch","14":"product_tag-kuechentuch-50x70","15":"product_tag-kuechentuch-gelb","16":"product_tag-nordische-kueche","18":"first","19":"instock","20":"taxable","21":"shipping-taxable","22":"purchasable","23":"product-type-simple"},"yoast_head":"<!-- This site is optimized with the Yoast SEO plugin v27.5 - https:\/\/yoast.com\/product\/yoast-seo-wordpress\/ -->\n<title>Geschirrtuch *Karo* gro\u00df gelb - Regalino -Lively Style<\/title>\n<meta name=\"description\" content=\"Gelb kariertes Geschirrtuch 50x70 cm von Krasilnikoff aus Baumwolle. OEKO-TEX zertifiziert und ideal f\u00fcr den K\u00fcchenalltag\" \/>\n<meta name=\"robots\" content=\"index, follow, max-snippet:-1, max-image-preview:large, max-video-preview:-1\" \/>\n<link rel=\"canonical\" href=\"https:\/\/Regalino-Shop.de\/?product=geschirrtuch-kariert-gelb-50x70-cm-krasilnikoff\" \/>\n<meta property=\"og:locale\" content=\"de_DE\" \/>\n<meta property=\"og:type\" content=\"article\" \/>\n<meta property=\"og:title\" content=\"Geschirrtuch *Karo* gro\u00df gelb - Regalino -Lively Style\" \/>\n<meta property=\"og:description\" content=\"Gelb kariertes Geschirrtuch 50x70 cm von Krasilnikoff aus Baumwolle. OEKO-TEX zertifiziert und ideal f\u00fcr den K\u00fcchenalltag\" \/>\n<meta property=\"og:url\" content=\"https:\/\/Regalino-Shop.de\/?product=geschirrtuch-kariert-gelb-50x70-cm-krasilnikoff\" \/>\n<meta property=\"og:site_name\" content=\"Regalino -Lively Style\" \/>\n<meta property=\"article:modified_time\" content=\"2026-04-02T17:00:39+00:00\" \/>\n<meta property=\"og:image\" content=\"https:\/\/Regalino-Shop.de\/wp-content\/uploads\/2026\/03\/Kuechentuch-Geschirrtuch-gelb-kariert-krasilnikoff.jpg\" \/>\n\t<meta property=\"og:image:width\" content=\"1000\" \/>\n\t<meta property=\"og:image:height\" content=\"1000\" \/>\n\t<meta property=\"og:image:type\" content=\"image\/jpeg\" \/>\n<meta name=\"twitter:card\" content=\"summary_large_image\" \/>\n<meta name=\"twitter:label1\" content=\"Gesch\u00e4tzte Lesezeit\" \/>\n\t<meta name=\"twitter:data1\" content=\"1\u00a0Minute\" \/>\n<script type=\"application\/ld+json\" class=\"yoast-schema-graph\">{\"@context\":\"https:\\\/\\\/schema.org\",\"@graph\":[{\"@type\":\"WebPage\",\"@id\":\"https:\\\/\\\/Regalino-Shop.de\\\/?product=geschirrtuch-kariert-gelb-50x70-cm-krasilnikoff\",\"url\":\"https:\\\/\\\/Regalino-Shop.de\\\/?product=geschirrtuch-kariert-gelb-50x70-cm-krasilnikoff\",\"name\":\"Geschirrtuch *Karo* gro\u00df gelb - Regalino -Lively Style\",\"isPartOf\":{\"@id\":\"https:\\\/\\\/Regalino-Shop.de\\\/#website\"},\"primaryImageOfPage\":{\"@id\":\"https:\\\/\\\/Regalino-Shop.de\\\/?product=geschirrtuch-kariert-gelb-50x70-cm-krasilnikoff#primaryimage\"},\"image\":{\"@id\":\"https:\\\/\\\/Regalino-Shop.de\\\/?product=geschirrtuch-kariert-gelb-50x70-cm-krasilnikoff#primaryimage\"},\"thumbnailUrl\":\"https:\\\/\\\/Regalino-Shop.de\\\/wp-content\\\/uploads\\\/2026\\\/03\\\/Kuechentuch-Geschirrtuch-gelb-kariert-krasilnikoff.jpg\",\"datePublished\":\"2026-03-05T10:31:58+00:00\",\"dateModified\":\"2026-04-02T17:00:39+00:00\",\"description\":\"Gelb kariertes Geschirrtuch 50x70 cm von Krasilnikoff aus Baumwolle. OEKO-TEX zertifiziert und ideal f\u00fcr den K\u00fcchenalltag\",\"breadcrumb\":{\"@id\":\"https:\\\/\\\/Regalino-Shop.de\\\/?product=geschirrtuch-kariert-gelb-50x70-cm-krasilnikoff#breadcrumb\"},\"inLanguage\":\"de\",\"potentialAction\":[{\"@type\":\"ReadAction\",\"target\":[\"https:\\\/\\\/Regalino-Shop.de\\\/?product=geschirrtuch-kariert-gelb-50x70-cm-krasilnikoff\"]}]},{\"@type\":\"ImageObject\",\"inLanguage\":\"de\",\"@id\":\"https:\\\/\\\/Regalino-Shop.de\\\/?product=geschirrtuch-kariert-gelb-50x70-cm-krasilnikoff#primaryimage\",\"url\":\"https:\\\/\\\/Regalino-Shop.de\\\/wp-content\\\/uploads\\\/2026\\\/03\\\/Kuechentuch-Geschirrtuch-gelb-kariert-krasilnikoff.jpg\",\"contentUrl\":\"https:\\\/\\\/Regalino-Shop.de\\\/wp-content\\\/uploads\\\/2026\\\/03\\\/Kuechentuch-Geschirrtuch-gelb-kariert-krasilnikoff.jpg\",\"width\":1000,\"height\":1000},{\"@type\":\"BreadcrumbList\",\"@id\":\"https:\\\/\\\/Regalino-Shop.de\\\/?product=geschirrtuch-kariert-gelb-50x70-cm-krasilnikoff#breadcrumb\",\"itemListElement\":[{\"@type\":\"ListItem\",\"position\":1,\"name\":\"Startseite\",\"item\":\"https:\\\/\\\/Regalino-Shop.de\\\/\"},{\"@type\":\"ListItem\",\"position\":2,\"name\":\"Shop\",\"item\":\"https:\\\/\\\/Regalino-Shop.de\\\/?page_id=40\"},{\"@type\":\"ListItem\",\"position\":3,\"name\":\"Geschirrtuch *Karo* gro\u00df gelb\"}]},{\"@type\":\"WebSite\",\"@id\":\"https:\\\/\\\/Regalino-Shop.de\\\/#website\",\"url\":\"https:\\\/\\\/Regalino-Shop.de\\\/\",\"name\":\"Regalino -Lively Style\",\"description\":\"gelebtes Zuhause\",\"potentialAction\":[{\"@type\":\"SearchAction\",\"target\":{\"@type\":\"EntryPoint\",\"urlTemplate\":\"https:\\\/\\\/Regalino-Shop.de\\\/?s={search_term_string}\"},\"query-input\":{\"@type\":\"PropertyValueSpecification\",\"valueRequired\":true,\"valueName\":\"search_term_string\"}}],\"inLanguage\":\"de\"}]}<\/script>\n<!-- \/ Yoast SEO plugin. -->","yoast_head_json":{"title":"Geschirrtuch *Karo* gro\u00df gelb - Regalino -Lively Style","description":"Gelb kariertes Geschirrtuch 50x70 cm von Krasilnikoff aus Baumwolle. OEKO-TEX zertifiziert und ideal f\u00fcr den K\u00fcchenalltag","robots":{"index":"index","follow":"follow","max-snippet":"max-snippet:-1","max-image-preview":"max-image-preview:large","max-video-preview":"max-video-preview:-1"},"canonical":"https:\/\/Regalino-Shop.de\/?product=geschirrtuch-kariert-gelb-50x70-cm-krasilnikoff","og_locale":"de_DE","og_type":"article","og_title":"Geschirrtuch *Karo* gro\u00df gelb - Regalino -Lively Style","og_description":"Gelb kariertes Geschirrtuch 50x70 cm von Krasilnikoff aus Baumwolle. OEKO-TEX zertifiziert und ideal f\u00fcr den K\u00fcchenalltag","og_url":"https:\/\/Regalino-Shop.de\/?product=geschirrtuch-kariert-gelb-50x70-cm-krasilnikoff","og_site_name":"Regalino -Lively Style","article_modified_time":"2026-04-02T17:00:39+00:00","og_image":[{"width":1000,"height":1000,"url":"https:\/\/Regalino-Shop.de\/wp-content\/uploads\/2026\/03\/Kuechentuch-Geschirrtuch-gelb-kariert-krasilnikoff.jpg","type":"image\/jpeg"}],"twitter_card":"summary_large_image","twitter_misc":{"Gesch\u00e4tzte Lesezeit":"1\u00a0Minute"},"schema":{"@context":"https:\/\/schema.org","@graph":[{"@type":"WebPage","@id":"https:\/\/Regalino-Shop.de\/?product=geschirrtuch-kariert-gelb-50x70-cm-krasilnikoff","url":"https:\/\/Regalino-Shop.de\/?product=geschirrtuch-kariert-gelb-50x70-cm-krasilnikoff","name":"Geschirrtuch *Karo* gro\u00df gelb - Regalino -Lively Style","isPartOf":{"@id":"https:\/\/Regalino-Shop.de\/#website"},"primaryImageOfPage":{"@id":"https:\/\/Regalino-Shop.de\/?product=geschirrtuch-kariert-gelb-50x70-cm-krasilnikoff#primaryimage"},"image":{"@id":"https:\/\/Regalino-Shop.de\/?product=geschirrtuch-kariert-gelb-50x70-cm-krasilnikoff#primaryimage"},"thumbnailUrl":"https:\/\/Regalino-Shop.de\/wp-content\/uploads\/2026\/03\/Kuechentuch-Geschirrtuch-gelb-kariert-krasilnikoff.jpg","datePublished":"2026-03-05T10:31:58+00:00","dateModified":"2026-04-02T17:00:39+00:00","description":"Gelb kariertes Geschirrtuch 50x70 cm von Krasilnikoff aus Baumwolle. OEKO-TEX zertifiziert und ideal f\u00fcr den K\u00fcchenalltag","breadcrumb":{"@id":"https:\/\/Regalino-Shop.de\/?product=geschirrtuch-kariert-gelb-50x70-cm-krasilnikoff#breadcrumb"},"inLanguage":"de","potentialAction":[{"@type":"ReadAction","target":["https:\/\/Regalino-Shop.de\/?product=geschirrtuch-kariert-gelb-50x70-cm-krasilnikoff"]}]},{"@type":"ImageObject","inLanguage":"de","@id":"https:\/\/Regalino-Shop.de\/?product=geschirrtuch-kariert-gelb-50x70-cm-krasilnikoff#primaryimage","url":"https:\/\/Regalino-Shop.de\/wp-content\/uploads\/2026\/03\/Kuechentuch-Geschirrtuch-gelb-kariert-krasilnikoff.jpg","contentUrl":"https:\/\/Regalino-Shop.de\/wp-content\/uploads\/2026\/03\/Kuechentuch-Geschirrtuch-gelb-kariert-krasilnikoff.jpg","width":1000,"height":1000},{"@type":"BreadcrumbList","@id":"https:\/\/Regalino-Shop.de\/?product=geschirrtuch-kariert-gelb-50x70-cm-krasilnikoff#breadcrumb","itemListElement":[{"@type":"ListItem","position":1,"name":"Startseite","item":"https:\/\/Regalino-Shop.de\/"},{"@type":"ListItem","position":2,"name":"Shop","item":"https:\/\/Regalino-Shop.de\/?page_id=40"},{"@type":"ListItem","position":3,"name":"Geschirrtuch *Karo* gro\u00df gelb"}]},{"@type":"WebSite","@id":"https:\/\/Regalino-Shop.de\/#website","url":"https:\/\/Regalino-Shop.de\/","name":"Regalino -Lively Style","description":"gelebtes Zuhause","potentialAction":[{"@type":"SearchAction","target":{"@type":"EntryPoint","urlTemplate":"https:\/\/Regalino-Shop.de\/?s={search_term_string}"},"query-input":{"@type":"PropertyValueSpecification","valueRequired":true,"valueName":"search_term_string"}}],"inLanguage":"de"}]}},"_links":{"self":[{"href":"https:\/\/Regalino-Shop.de\/index.php?rest_route=\/wp\/v2\/product\/17979","targetHints":{"allow":["GET"]}}],"collection":[{"href":"https:\/\/Regalino-Shop.de\/index.php?rest_route=\/wp\/v2\/product"}],"about":[{"href":"https:\/\/Regalino-Shop.de\/index.php?rest_route=\/wp\/v2\/types\/product"}],"wp:featuredmedia":[{"embeddable":true,"href":"https:\/\/Regalino-Shop.de\/index.php?rest_route=\/wp\/v2\/media\/17981"}],"wp:attachment":[{"href":"https:\/\/Regalino-Shop.de\/index.php?rest_route=%2Fwp%2Fv2%2Fmedia&parent=17979"}],"wp:term":[{"taxonomy":"product_brand","embeddable":true,"href":"https:\/\/Regalino-Shop.de\/index.php?rest_route=%2Fwp%2Fv2%2Fproduct_brand&post=17979"},{"taxonomy":"product_cat","embeddable":true,"href":"https:\/\/Regalino-Shop.de\/index.php?rest_route=%2Fwp%2Fv2%2Fproduct_cat&post=17979"},{"taxonomy":"product_tag","embeddable":true,"href":"https:\/\/Regalino-Shop.de\/index.php?rest_route=%2Fwp%2Fv2%2Fproduct_tag&post=17979"}],"curies":[{"name":"wp","href":"https:\/\/api.w.org\/{rel}","templated":true}]}}