{"id":18219,"date":"2026-03-12T20:06:12","date_gmt":"2026-03-12T20:06:12","guid":{"rendered":"https:\/\/Regalino-Shop.de\/?post_type=product&#038;p=18219"},"modified":"2026-03-21T15:44:43","modified_gmt":"2026-03-21T15:44:43","slug":"kuechenschuerze-ich-muss-gar-nix-denim-baumwolle-80x70-cm","status":"publish","type":"product","link":"https:\/\/Regalino-Shop.de\/?product=kuechenschuerze-ich-muss-gar-nix-denim-baumwolle-80x70-cm","title":{"rendered":"K\u00fcchensch\u00fcrze \u201eIch muss gar nix\u201c | Denim | Baumwolle | 80\u00d770 cm"},"content":{"rendered":"","protected":false},"excerpt":{"rendered":"<h2 data-start=\"248\" data-end=\"503\">K\u00fcchensch\u00fcrze \u201eIch muss gar nix\u201c<\/h2>\n<p data-start=\"248\" data-end=\"503\">kombiniert l\u00e4ssigen Denim-Look mit einer auff\u00e4lligen Stickerei in Orange. Der robuste Baumwollstoff sch\u00fctzt beim Kochen, Backen oder Grillen und sorgt gleichzeitig f\u00fcr einen entspannten, modernen Stil in der K\u00fcche.<\/p>\n<p data-start=\"505\" data-end=\"747\">Die praktische Fronttasche bietet Platz f\u00fcr kleine K\u00fcchenhelfer, w\u00e4hrend der verstellbare Nackenriemen f\u00fcr angenehmen Tragekomfort sorgt. Der Jeanslook passt besonders gut zu einer modernen K\u00fcche mit Holz, Keramik und nat\u00fcrlichen Materialien.<\/p>\n<hr data-start=\"749\" data-end=\"752\" \/>\n<h2 data-section-id=\"fykqkn\" data-start=\"754\" data-end=\"764\">Details<\/h2>\n<ul data-start=\"766\" data-end=\"904\">\n<li data-section-id=\"18on37h\" data-start=\"766\" data-end=\"791\">\n<p data-start=\"768\" data-end=\"791\"><strong data-start=\"768\" data-end=\"778\">Gr\u00f6\u00dfe:<\/strong> 80 \u00d7 70 cm<\/p>\n<\/li>\n<li data-section-id=\"f924sr\" data-start=\"792\" data-end=\"825\">\n<p data-start=\"794\" data-end=\"825\"><strong data-start=\"794\" data-end=\"807\">Material:<\/strong> 100 % Baumwolle<\/p>\n<\/li>\n<li data-section-id=\"xu8a59\" data-start=\"826\" data-end=\"875\">\n<p data-start=\"828\" data-end=\"875\"><strong data-start=\"828\" data-end=\"838\">Farbe:<\/strong> Denim mit orangefarbener Stickerei<\/p>\n<\/li>\n<li data-section-id=\"s25ocm\" data-start=\"876\" data-end=\"904\">\n<p data-start=\"878\" data-end=\"904\"><strong data-start=\"878\" data-end=\"904\">OEKO-TEX\u00ae STANDARD 100<\/strong><\/p>\n<\/li>\n<\/ul>\n<hr data-start=\"906\" data-end=\"909\" \/>\n<h2 data-section-id=\"19nktbs\" data-start=\"911\" data-end=\"920\">Pflege<\/h2>\n<ul data-start=\"922\" data-end=\"1078\">\n<li data-section-id=\"108r85j\" data-start=\"922\" data-end=\"950\">\n<p data-start=\"924\" data-end=\"950\"><strong data-start=\"924\" data-end=\"948\">40 \u00b0C Schonwaschgang<\/strong><\/p>\n<\/li>\n<li data-section-id=\"gkgqnm\" data-start=\"951\" data-end=\"973\">\n<p data-start=\"953\" data-end=\"973\"><strong data-start=\"953\" data-end=\"971\">nicht bleichen<\/strong><\/p>\n<\/li>\n<li data-section-id=\"4pk2mg\" data-start=\"974\" data-end=\"1008\">\n<p data-start=\"976\" data-end=\"1008\"><strong data-start=\"976\" data-end=\"1006\">nicht im Trockner trocknen<\/strong><\/p>\n<\/li>\n<li data-section-id=\"1sqe1qh\" data-start=\"1009\" data-end=\"1034\">\n<p data-start=\"1011\" data-end=\"1034\"><strong data-start=\"1011\" data-end=\"1032\">b\u00fcgeln bis 150 \u00b0C<\/strong><\/p>\n<\/li>\n<\/ul>\n<hr data-start=\"1080\" data-end=\"1083\" \/>\n<h2 data-start=\"1309\" data-end=\"1337\">\ud83e\udd0d <strong data-start=\"1312\" data-end=\"1337\">Regalino Styling-Tipp<\/strong><\/h2>\n<p data-start=\"1339\" data-end=\"1355\">Besonders sch\u00f6n:<\/p>\n<ul data-start=\"1357\" data-end=\"1563\">\n<li data-section-id=\"2q38ni\" data-start=\"1438\" data-end=\"1507\">beim <strong data-start=\"1515\" data-end=\"1563\">gem\u00fctlichen Kochen mit Freunden oder Familie<\/strong><\/li>\n<\/ul>\n<p data-start=\"1565\" data-end=\"1644\">Der entspannte Denim-Look sorgt f\u00fcr eine <strong data-start=\"1606\" data-end=\"1643\">moderne, l\u00e4ssige K\u00fcchenatmosph\u00e4re<\/strong>.<\/p>\n<p data-start=\"1565\" data-end=\"1644\">Lieferumfang: 1 K\u00fcchensch\u00fcrze<\/p>\n","protected":false},"featured_media":18215,"template":"","meta":{"_et_pb_use_builder":"","_et_pb_old_content":"","_et_gb_content_width":""},"product_brand":[2469],"product_cat":[57,81],"product_tag":[],"class_list":{"0":"post-18219","1":"product","2":"type-product","3":"status-publish","4":"has-post-thumbnail","6":"product_brand-pad-concept","7":"product_cat-neu-eingetroffen-neue-lieblingsstuecke-bei-regalino","8":"product_cat-kuechentextilien-im-scandi-breton-stil-regalino","10":"first","11":"instock","12":"taxable","13":"shipping-taxable","14":"purchasable","15":"product-type-simple"},"yoast_head":"<!-- This site is optimized with the Yoast SEO plugin v27.5 - https:\/\/yoast.com\/product\/yoast-seo-wordpress\/ -->\n<title>K\u00fcchensch\u00fcrze \u201eIch muss gar nix\u201c | Denim | Baumwolle | 80\u00d770 cm - Regalino -Lively Style<\/title>\n<meta name=\"description\" content=\"K\u00fcchensch\u00fcrze im Denim-Look mit Stickerei \u201eIch muss gar nix\u201c. Aus 100 % Baumwolle, OEKO-TEX zertifiziert und ideal zum Kochen, Backen oder Grillen.\" \/>\n<meta name=\"robots\" content=\"index, follow, max-snippet:-1, max-image-preview:large, max-video-preview:-1\" \/>\n<link rel=\"canonical\" href=\"https:\/\/Regalino-Shop.de\/?product=kuechenschuerze-ich-muss-gar-nix-denim-baumwolle-80x70-cm\" \/>\n<meta property=\"og:locale\" content=\"de_DE\" \/>\n<meta property=\"og:type\" content=\"article\" \/>\n<meta property=\"og:title\" content=\"K\u00fcchensch\u00fcrze \u201eIch muss gar nix\u201c | Denim | Baumwolle | 80\u00d770 cm - Regalino -Lively Style\" \/>\n<meta property=\"og:description\" content=\"K\u00fcchensch\u00fcrze im Denim-Look mit Stickerei \u201eIch muss gar nix\u201c. Aus 100 % Baumwolle, OEKO-TEX zertifiziert und ideal zum Kochen, Backen oder Grillen.\" \/>\n<meta property=\"og:url\" content=\"https:\/\/Regalino-Shop.de\/?product=kuechenschuerze-ich-muss-gar-nix-denim-baumwolle-80x70-cm\" \/>\n<meta property=\"og:site_name\" content=\"Regalino -Lively Style\" \/>\n<meta property=\"article:modified_time\" content=\"2026-03-21T15:44:43+00:00\" \/>\n<meta property=\"og:image\" content=\"https:\/\/Regalino-Shop.de\/wp-content\/uploads\/2026\/03\/pad_Kuechenschuerze_denim_pad_mood2.webp.png\" \/>\n\t<meta property=\"og:image:width\" content=\"471\" \/>\n\t<meta property=\"og:image:height\" content=\"637\" \/>\n\t<meta property=\"og:image:type\" content=\"image\/png\" \/>\n<meta name=\"twitter:card\" content=\"summary_large_image\" \/>\n<meta name=\"twitter:label1\" content=\"Gesch\u00e4tzte Lesezeit\" \/>\n\t<meta name=\"twitter:data1\" content=\"1\u00a0Minute\" \/>\n<script type=\"application\/ld+json\" class=\"yoast-schema-graph\">{\"@context\":\"https:\\\/\\\/schema.org\",\"@graph\":[{\"@type\":\"WebPage\",\"@id\":\"https:\\\/\\\/Regalino-Shop.de\\\/?product=kuechenschuerze-ich-muss-gar-nix-denim-baumwolle-80x70-cm\",\"url\":\"https:\\\/\\\/Regalino-Shop.de\\\/?product=kuechenschuerze-ich-muss-gar-nix-denim-baumwolle-80x70-cm\",\"name\":\"K\u00fcchensch\u00fcrze \u201eIch muss gar nix\u201c | Denim | Baumwolle | 80\u00d770 cm - Regalino -Lively Style\",\"isPartOf\":{\"@id\":\"https:\\\/\\\/Regalino-Shop.de\\\/#website\"},\"primaryImageOfPage\":{\"@id\":\"https:\\\/\\\/Regalino-Shop.de\\\/?product=kuechenschuerze-ich-muss-gar-nix-denim-baumwolle-80x70-cm#primaryimage\"},\"image\":{\"@id\":\"https:\\\/\\\/Regalino-Shop.de\\\/?product=kuechenschuerze-ich-muss-gar-nix-denim-baumwolle-80x70-cm#primaryimage\"},\"thumbnailUrl\":\"https:\\\/\\\/Regalino-Shop.de\\\/wp-content\\\/uploads\\\/2026\\\/03\\\/pad_Kuechenschuerze_denim_pad_mood2.webp.png\",\"datePublished\":\"2026-03-12T20:06:12+00:00\",\"dateModified\":\"2026-03-21T15:44:43+00:00\",\"description\":\"K\u00fcchensch\u00fcrze im Denim-Look mit Stickerei \u201eIch muss gar nix\u201c. Aus 100 % Baumwolle, OEKO-TEX zertifiziert und ideal zum Kochen, Backen oder Grillen.\",\"breadcrumb\":{\"@id\":\"https:\\\/\\\/Regalino-Shop.de\\\/?product=kuechenschuerze-ich-muss-gar-nix-denim-baumwolle-80x70-cm#breadcrumb\"},\"inLanguage\":\"de\",\"potentialAction\":[{\"@type\":\"ReadAction\",\"target\":[\"https:\\\/\\\/Regalino-Shop.de\\\/?product=kuechenschuerze-ich-muss-gar-nix-denim-baumwolle-80x70-cm\"]}]},{\"@type\":\"ImageObject\",\"inLanguage\":\"de\",\"@id\":\"https:\\\/\\\/Regalino-Shop.de\\\/?product=kuechenschuerze-ich-muss-gar-nix-denim-baumwolle-80x70-cm#primaryimage\",\"url\":\"https:\\\/\\\/Regalino-Shop.de\\\/wp-content\\\/uploads\\\/2026\\\/03\\\/pad_Kuechenschuerze_denim_pad_mood2.webp.png\",\"contentUrl\":\"https:\\\/\\\/Regalino-Shop.de\\\/wp-content\\\/uploads\\\/2026\\\/03\\\/pad_Kuechenschuerze_denim_pad_mood2.webp.png\",\"width\":471,\"height\":637,\"caption\":\"kuechenschuerze-denim-ich-muss-gar-nix-baumwolle\"},{\"@type\":\"BreadcrumbList\",\"@id\":\"https:\\\/\\\/Regalino-Shop.de\\\/?product=kuechenschuerze-ich-muss-gar-nix-denim-baumwolle-80x70-cm#breadcrumb\",\"itemListElement\":[{\"@type\":\"ListItem\",\"position\":1,\"name\":\"Startseite\",\"item\":\"https:\\\/\\\/Regalino-Shop.de\\\/\"},{\"@type\":\"ListItem\",\"position\":2,\"name\":\"Shop\",\"item\":\"https:\\\/\\\/Regalino-Shop.de\\\/?page_id=40\"},{\"@type\":\"ListItem\",\"position\":3,\"name\":\"K\u00fcchensch\u00fcrze \u201eIch muss gar nix\u201c | Denim | Baumwolle | 80\u00d770 cm\"}]},{\"@type\":\"WebSite\",\"@id\":\"https:\\\/\\\/Regalino-Shop.de\\\/#website\",\"url\":\"https:\\\/\\\/Regalino-Shop.de\\\/\",\"name\":\"Regalino -Lively Style\",\"description\":\"gelebtes Zuhause\",\"potentialAction\":[{\"@type\":\"SearchAction\",\"target\":{\"@type\":\"EntryPoint\",\"urlTemplate\":\"https:\\\/\\\/Regalino-Shop.de\\\/?s={search_term_string}\"},\"query-input\":{\"@type\":\"PropertyValueSpecification\",\"valueRequired\":true,\"valueName\":\"search_term_string\"}}],\"inLanguage\":\"de\"}]}<\/script>\n<!-- \/ Yoast SEO plugin. -->","yoast_head_json":{"title":"K\u00fcchensch\u00fcrze \u201eIch muss gar nix\u201c | Denim | Baumwolle | 80\u00d770 cm - Regalino -Lively Style","description":"K\u00fcchensch\u00fcrze im Denim-Look mit Stickerei \u201eIch muss gar nix\u201c. Aus 100 % Baumwolle, OEKO-TEX zertifiziert und ideal zum Kochen, Backen oder Grillen.","robots":{"index":"index","follow":"follow","max-snippet":"max-snippet:-1","max-image-preview":"max-image-preview:large","max-video-preview":"max-video-preview:-1"},"canonical":"https:\/\/Regalino-Shop.de\/?product=kuechenschuerze-ich-muss-gar-nix-denim-baumwolle-80x70-cm","og_locale":"de_DE","og_type":"article","og_title":"K\u00fcchensch\u00fcrze \u201eIch muss gar nix\u201c | Denim | Baumwolle | 80\u00d770 cm - Regalino -Lively Style","og_description":"K\u00fcchensch\u00fcrze im Denim-Look mit Stickerei \u201eIch muss gar nix\u201c. Aus 100 % Baumwolle, OEKO-TEX zertifiziert und ideal zum Kochen, Backen oder Grillen.","og_url":"https:\/\/Regalino-Shop.de\/?product=kuechenschuerze-ich-muss-gar-nix-denim-baumwolle-80x70-cm","og_site_name":"Regalino -Lively Style","article_modified_time":"2026-03-21T15:44:43+00:00","og_image":[{"width":471,"height":637,"url":"https:\/\/Regalino-Shop.de\/wp-content\/uploads\/2026\/03\/pad_Kuechenschuerze_denim_pad_mood2.webp.png","type":"image\/png"}],"twitter_card":"summary_large_image","twitter_misc":{"Gesch\u00e4tzte Lesezeit":"1\u00a0Minute"},"schema":{"@context":"https:\/\/schema.org","@graph":[{"@type":"WebPage","@id":"https:\/\/Regalino-Shop.de\/?product=kuechenschuerze-ich-muss-gar-nix-denim-baumwolle-80x70-cm","url":"https:\/\/Regalino-Shop.de\/?product=kuechenschuerze-ich-muss-gar-nix-denim-baumwolle-80x70-cm","name":"K\u00fcchensch\u00fcrze \u201eIch muss gar nix\u201c | Denim | Baumwolle | 80\u00d770 cm - Regalino -Lively Style","isPartOf":{"@id":"https:\/\/Regalino-Shop.de\/#website"},"primaryImageOfPage":{"@id":"https:\/\/Regalino-Shop.de\/?product=kuechenschuerze-ich-muss-gar-nix-denim-baumwolle-80x70-cm#primaryimage"},"image":{"@id":"https:\/\/Regalino-Shop.de\/?product=kuechenschuerze-ich-muss-gar-nix-denim-baumwolle-80x70-cm#primaryimage"},"thumbnailUrl":"https:\/\/Regalino-Shop.de\/wp-content\/uploads\/2026\/03\/pad_Kuechenschuerze_denim_pad_mood2.webp.png","datePublished":"2026-03-12T20:06:12+00:00","dateModified":"2026-03-21T15:44:43+00:00","description":"K\u00fcchensch\u00fcrze im Denim-Look mit Stickerei \u201eIch muss gar nix\u201c. Aus 100 % Baumwolle, OEKO-TEX zertifiziert und ideal zum Kochen, Backen oder Grillen.","breadcrumb":{"@id":"https:\/\/Regalino-Shop.de\/?product=kuechenschuerze-ich-muss-gar-nix-denim-baumwolle-80x70-cm#breadcrumb"},"inLanguage":"de","potentialAction":[{"@type":"ReadAction","target":["https:\/\/Regalino-Shop.de\/?product=kuechenschuerze-ich-muss-gar-nix-denim-baumwolle-80x70-cm"]}]},{"@type":"ImageObject","inLanguage":"de","@id":"https:\/\/Regalino-Shop.de\/?product=kuechenschuerze-ich-muss-gar-nix-denim-baumwolle-80x70-cm#primaryimage","url":"https:\/\/Regalino-Shop.de\/wp-content\/uploads\/2026\/03\/pad_Kuechenschuerze_denim_pad_mood2.webp.png","contentUrl":"https:\/\/Regalino-Shop.de\/wp-content\/uploads\/2026\/03\/pad_Kuechenschuerze_denim_pad_mood2.webp.png","width":471,"height":637,"caption":"kuechenschuerze-denim-ich-muss-gar-nix-baumwolle"},{"@type":"BreadcrumbList","@id":"https:\/\/Regalino-Shop.de\/?product=kuechenschuerze-ich-muss-gar-nix-denim-baumwolle-80x70-cm#breadcrumb","itemListElement":[{"@type":"ListItem","position":1,"name":"Startseite","item":"https:\/\/Regalino-Shop.de\/"},{"@type":"ListItem","position":2,"name":"Shop","item":"https:\/\/Regalino-Shop.de\/?page_id=40"},{"@type":"ListItem","position":3,"name":"K\u00fcchensch\u00fcrze \u201eIch muss gar nix\u201c | Denim | Baumwolle | 80\u00d770 cm"}]},{"@type":"WebSite","@id":"https:\/\/Regalino-Shop.de\/#website","url":"https:\/\/Regalino-Shop.de\/","name":"Regalino -Lively Style","description":"gelebtes Zuhause","potentialAction":[{"@type":"SearchAction","target":{"@type":"EntryPoint","urlTemplate":"https:\/\/Regalino-Shop.de\/?s={search_term_string}"},"query-input":{"@type":"PropertyValueSpecification","valueRequired":true,"valueName":"search_term_string"}}],"inLanguage":"de"}]}},"_links":{"self":[{"href":"https:\/\/Regalino-Shop.de\/index.php?rest_route=\/wp\/v2\/product\/18219","targetHints":{"allow":["GET"]}}],"collection":[{"href":"https:\/\/Regalino-Shop.de\/index.php?rest_route=\/wp\/v2\/product"}],"about":[{"href":"https:\/\/Regalino-Shop.de\/index.php?rest_route=\/wp\/v2\/types\/product"}],"wp:featuredmedia":[{"embeddable":true,"href":"https:\/\/Regalino-Shop.de\/index.php?rest_route=\/wp\/v2\/media\/18215"}],"wp:attachment":[{"href":"https:\/\/Regalino-Shop.de\/index.php?rest_route=%2Fwp%2Fv2%2Fmedia&parent=18219"}],"wp:term":[{"taxonomy":"product_brand","embeddable":true,"href":"https:\/\/Regalino-Shop.de\/index.php?rest_route=%2Fwp%2Fv2%2Fproduct_brand&post=18219"},{"taxonomy":"product_cat","embeddable":true,"href":"https:\/\/Regalino-Shop.de\/index.php?rest_route=%2Fwp%2Fv2%2Fproduct_cat&post=18219"},{"taxonomy":"product_tag","embeddable":true,"href":"https:\/\/Regalino-Shop.de\/index.php?rest_route=%2Fwp%2Fv2%2Fproduct_tag&post=18219"}],"curies":[{"name":"wp","href":"https:\/\/api.w.org\/{rel}","templated":true}]}}