{"id":18237,"date":"2026-03-13T17:31:28","date_gmt":"2026-03-13T17:31:28","guid":{"rendered":"https:\/\/Regalino-Shop.de\/?post_type=product&#038;p=18237"},"modified":"2026-04-22T12:31:28","modified_gmt":"2026-04-22T12:31:28","slug":"strandtuch-seas-the-day-baumwoll-strandtuch-90-x-180-cm","status":"publish","type":"product","link":"https:\/\/Regalino-Shop.de\/?product=strandtuch-seas-the-day-baumwoll-strandtuch-90-x-180-cm","title":{"rendered":"Strandtuch \u201eSeas the Day\u201c &#8211; Baumwoll Strandtuch &#8211; 90 \u00d7 180 cm"},"content":{"rendered":"","protected":false},"excerpt":{"rendered":"<div class=\"product--description block\">\n<h3 data-start=\"196\" data-end=\"453\">Strandtuch \u201eSeas the Day\u201c<\/h3>\n<p data-start=\"196\" data-end=\"453\">bringt maritimes Flair und gute Laune an Strand, See oder Pool. Das verspielte Motiv mit b\u00e4rtigem Seemann, roter M\u00fctze und Sonnenbrille sorgt f\u00fcr einen humorvollen Hingucker und macht sofort Lust auf Sommer, Sonne und Meer.<\/p>\n<p data-start=\"455\" data-end=\"694\">Die Vorderseite zeigt das dekorative Design, w\u00e4hrend die R\u00fcckseite aus weichem Frottee besteht und besonders angenehm auf der Haut liegt. Durch die hochwertige Baumwolle ist das Strandtuch saugf\u00e4hig, weich und gleichzeitig strapazierf\u00e4hig.<\/p>\n<p data-start=\"696\" data-end=\"846\">Mit seiner gro\u00dfz\u00fcgigen Gr\u00f6\u00dfe eignet sich das Tuch perfekt zum Sonnenbaden, Abtrocknen nach dem Schwimmen oder als entspannte Liegeunterlage am Strand.<\/p>\n<hr data-start=\"848\" data-end=\"851\" \/>\n<h2 data-section-id=\"fykqkn\" data-start=\"853\" data-end=\"863\">Details<\/h2>\n<ul data-start=\"865\" data-end=\"1030\">\n<li data-section-id=\"ahfl9e\" data-start=\"865\" data-end=\"891\">\n<p data-start=\"867\" data-end=\"891\"><strong data-start=\"867\" data-end=\"877\">Gr\u00f6\u00dfe:<\/strong> 90 \u00d7 180 cm<\/p>\n<\/li>\n<li data-section-id=\"f924sr\" data-start=\"892\" data-end=\"925\">\n<p data-start=\"894\" data-end=\"925\"><strong data-start=\"894\" data-end=\"907\">Material:<\/strong> 100 % Baumwolle<\/p>\n<\/li>\n<li data-section-id=\"1955gcx\" data-start=\"926\" data-end=\"959\">\n<p data-start=\"928\" data-end=\"959\"><strong data-start=\"928\" data-end=\"947\">Zertifizierung:<\/strong> OEKO-TEX\u00ae<\/p>\n<\/li>\n<li data-section-id=\"1jmc82v\" data-start=\"960\" data-end=\"994\">\n<p data-start=\"962\" data-end=\"994\"><strong data-start=\"962\" data-end=\"976\">R\u00fcckseite:<\/strong> weiches Frottee<\/p>\n<\/li>\n<li data-section-id=\"pzqdrb\" data-start=\"995\" data-end=\"1030\">\n<p data-start=\"997\" data-end=\"1030\"><strong data-start=\"997\" data-end=\"1007\">Motiv:<\/strong> Seemann \u201eSeas the Day\u201c<\/p>\n<\/li>\n<\/ul>\n<hr data-start=\"1032\" data-end=\"1035\" \/>\n<h2 data-section-id=\"19nktbs\" data-start=\"1037\" data-end=\"1046\">Pflege<\/h2>\n<ul data-start=\"1048\" data-end=\"1127\">\n<li data-section-id=\"kkgr7y\" data-start=\"1048\" data-end=\"1074\">\n<p data-start=\"1050\" data-end=\"1074\"><strong data-start=\"1050\" data-end=\"1072\">waschbar bei 40 \u00b0C<\/strong><\/p>\n<\/li>\n<li data-section-id=\"gkgqnm\" data-start=\"1075\" data-end=\"1097\">\n<p data-start=\"1077\" data-end=\"1097\"><strong data-start=\"1077\" data-end=\"1095\">nicht bleichen<\/strong><\/p>\n<\/li>\n<li data-section-id=\"44p39z\" data-start=\"1098\" data-end=\"1127\">\n<p data-start=\"1100\" data-end=\"1127\"><strong data-start=\"1100\" data-end=\"1127\">nicht chemisch reinigen<\/strong><\/p>\n<\/li>\n<\/ul>\n<hr data-start=\"1129\" data-end=\"1132\" \/>\n<h3 data-start=\"1134\" data-end=\"1162\">\ud83e\udd0d <strong data-start=\"1137\" data-end=\"1162\">Regalino Styling-Tipp<\/strong><\/h3>\n<p data-start=\"1164\" data-end=\"1180\">Besonders sch\u00f6n:<\/p>\n<ul data-start=\"1182\" data-end=\"1330\">\n<li data-section-id=\"rnvg03\" data-start=\"1182\" data-end=\"1222\">\n<p data-start=\"1184\" data-end=\"1222\">am <strong data-start=\"1187\" data-end=\"1220\">Strand oder See als Liegetuch<\/strong><\/p>\n<\/li>\n<li data-section-id=\"np8fm6\" data-start=\"1223\" data-end=\"1286\">\n<p data-start=\"1225\" data-end=\"1286\">kombiniert mit <strong data-start=\"1240\" data-end=\"1284\">Strandtasche, Sonnenhut und Sonnenbrille<\/strong><\/p>\n<\/li>\n<li data-section-id=\"1tpttyt\" data-start=\"1287\" data-end=\"1330\">\n<p data-start=\"1289\" data-end=\"1330\">perfekt f\u00fcr <strong data-start=\"1301\" data-end=\"1330\">Urlaub, Pool oder Freibad<\/strong><\/p>\n<\/li>\n<\/ul>\n<p data-start=\"1332\" data-end=\"1425\">So wird das Strandtuch schnell zu einem <strong data-start=\"1372\" data-end=\"1424\">l\u00e4ssigen Sommerbegleiter mit maritimem Charakter<\/strong>.<\/p>\n<p>Lieferumfang: 1 Strandtuch<\/p>\n<\/div>\n","protected":false},"featured_media":18238,"template":"","meta":{"_et_pb_use_builder":"","_et_pb_old_content":"","_et_gb_content_width":""},"product_brand":[],"product_cat":[2983,3069,3067,2637],"product_tag":[2686,2683,2690,1651,2684,2687,2685,2688,2691,2689],"class_list":{"0":"post-18237","1":"product","2":"type-product","3":"status-publish","4":"has-post-thumbnail","6":"product_cat-accessoires","7":"product_cat-fuer-papa-opa","8":"product_cat-geschenkideen","9":"product_cat-strandtaschen-reiseaccessoires-mit-maritimem-flair-regalino","10":"product_tag-badetuch-sommer","11":"product_tag-badetuch-strand","12":"product_tag-badetuch-urlaub","13":"product_tag-strandtuch","14":"product_tag-strandtuch-baumwolle","15":"product_tag-strandtuch-gross","16":"product_tag-strandtuch-maritim","17":"product_tag-strandtuch-meer","18":"product_tag-strandtuch-pool","19":"product_tag-strandtuch-seemann","21":"first","22":"instock","23":"taxable","24":"shipping-taxable","25":"purchasable","26":"product-type-simple"},"yoast_head":"<!-- This site is optimized with the Yoast SEO plugin v27.5 - https:\/\/yoast.com\/product\/yoast-seo-wordpress\/ -->\n<title>Strandtuch \u201eSeas the Day\u201c - Baumwoll Strandtuch - 90 \u00d7 180 cm - Regalino -Lively Style<\/title>\n<meta name=\"description\" content=\"BaumwolleStrandtuch \u201eSeas the Day\u201c aus 100 % Baumwolle mit maritimem Seemann-Motiv. Gro\u00dfes Badetuch mit Frottee-R\u00fcckseite \u2013 ideal f\u00fcr Strand, Pool und Urlaub.\" \/>\n<meta name=\"robots\" content=\"index, follow, max-snippet:-1, max-image-preview:large, max-video-preview:-1\" \/>\n<link rel=\"canonical\" href=\"https:\/\/Regalino-Shop.de\/?product=strandtuch-seas-the-day-baumwoll-strandtuch-90-x-180-cm\" \/>\n<meta property=\"og:locale\" content=\"de_DE\" \/>\n<meta property=\"og:type\" content=\"article\" \/>\n<meta property=\"og:title\" content=\"Strandtuch \u201eSeas the Day\u201c - Baumwoll Strandtuch - 90 \u00d7 180 cm - Regalino -Lively Style\" \/>\n<meta property=\"og:description\" content=\"BaumwolleStrandtuch \u201eSeas the Day\u201c aus 100 % Baumwolle mit maritimem Seemann-Motiv. Gro\u00dfes Badetuch mit Frottee-R\u00fcckseite \u2013 ideal f\u00fcr Strand, Pool und Urlaub.\" \/>\n<meta property=\"og:url\" content=\"https:\/\/Regalino-Shop.de\/?product=strandtuch-seas-the-day-baumwoll-strandtuch-90-x-180-cm\" \/>\n<meta property=\"og:site_name\" content=\"Regalino -Lively Style\" \/>\n<meta property=\"article:modified_time\" content=\"2026-04-22T12:31:28+00:00\" \/>\n<meta property=\"og:image\" content=\"https:\/\/Regalino-Shop.de\/wp-content\/uploads\/2026\/03\/strandtuch_Badetuch_Mann_See_Chicmic.webp\" \/>\n\t<meta property=\"og:image:width\" content=\"1000\" \/>\n\t<meta property=\"og:image:height\" content=\"1500\" \/>\n\t<meta property=\"og:image:type\" content=\"image\/webp\" \/>\n<meta name=\"twitter:card\" content=\"summary_large_image\" \/>\n<meta name=\"twitter:label1\" content=\"Gesch\u00e4tzte Lesezeit\" \/>\n\t<meta name=\"twitter:data1\" content=\"1\u00a0Minute\" \/>\n<script type=\"application\/ld+json\" class=\"yoast-schema-graph\">{\"@context\":\"https:\\\/\\\/schema.org\",\"@graph\":[{\"@type\":\"WebPage\",\"@id\":\"https:\\\/\\\/Regalino-Shop.de\\\/?product=strandtuch-seas-the-day-baumwoll-strandtuch-90-x-180-cm\",\"url\":\"https:\\\/\\\/Regalino-Shop.de\\\/?product=strandtuch-seas-the-day-baumwoll-strandtuch-90-x-180-cm\",\"name\":\"Strandtuch \u201eSeas the Day\u201c - Baumwoll Strandtuch - 90 \u00d7 180 cm - Regalino -Lively Style\",\"isPartOf\":{\"@id\":\"https:\\\/\\\/Regalino-Shop.de\\\/#website\"},\"primaryImageOfPage\":{\"@id\":\"https:\\\/\\\/Regalino-Shop.de\\\/?product=strandtuch-seas-the-day-baumwoll-strandtuch-90-x-180-cm#primaryimage\"},\"image\":{\"@id\":\"https:\\\/\\\/Regalino-Shop.de\\\/?product=strandtuch-seas-the-day-baumwoll-strandtuch-90-x-180-cm#primaryimage\"},\"thumbnailUrl\":\"https:\\\/\\\/Regalino-Shop.de\\\/wp-content\\\/uploads\\\/2026\\\/03\\\/strandtuch_Badetuch_Mann_See_Chicmic.webp\",\"datePublished\":\"2026-03-13T17:31:28+00:00\",\"dateModified\":\"2026-04-22T12:31:28+00:00\",\"description\":\"BaumwolleStrandtuch \u201eSeas the Day\u201c aus 100 % Baumwolle mit maritimem Seemann-Motiv. Gro\u00dfes Badetuch mit Frottee-R\u00fcckseite \u2013 ideal f\u00fcr Strand, Pool und Urlaub.\",\"breadcrumb\":{\"@id\":\"https:\\\/\\\/Regalino-Shop.de\\\/?product=strandtuch-seas-the-day-baumwoll-strandtuch-90-x-180-cm#breadcrumb\"},\"inLanguage\":\"de\",\"potentialAction\":[{\"@type\":\"ReadAction\",\"target\":[\"https:\\\/\\\/Regalino-Shop.de\\\/?product=strandtuch-seas-the-day-baumwoll-strandtuch-90-x-180-cm\"]}]},{\"@type\":\"ImageObject\",\"inLanguage\":\"de\",\"@id\":\"https:\\\/\\\/Regalino-Shop.de\\\/?product=strandtuch-seas-the-day-baumwoll-strandtuch-90-x-180-cm#primaryimage\",\"url\":\"https:\\\/\\\/Regalino-Shop.de\\\/wp-content\\\/uploads\\\/2026\\\/03\\\/strandtuch_Badetuch_Mann_See_Chicmic.webp\",\"contentUrl\":\"https:\\\/\\\/Regalino-Shop.de\\\/wp-content\\\/uploads\\\/2026\\\/03\\\/strandtuch_Badetuch_Mann_See_Chicmic.webp\",\"width\":1000,\"height\":1500,\"caption\":\"Strandtuch Seas the Day mit Seemann Motiv Baumwolle 90x180 cm\"},{\"@type\":\"BreadcrumbList\",\"@id\":\"https:\\\/\\\/Regalino-Shop.de\\\/?product=strandtuch-seas-the-day-baumwoll-strandtuch-90-x-180-cm#breadcrumb\",\"itemListElement\":[{\"@type\":\"ListItem\",\"position\":1,\"name\":\"Startseite\",\"item\":\"https:\\\/\\\/Regalino-Shop.de\\\/\"},{\"@type\":\"ListItem\",\"position\":2,\"name\":\"Shop\",\"item\":\"https:\\\/\\\/Regalino-Shop.de\\\/?page_id=40\"},{\"@type\":\"ListItem\",\"position\":3,\"name\":\"Strandtuch \u201eSeas the Day\u201c &#8211; Baumwoll Strandtuch &#8211; 90 \u00d7 180 cm\"}]},{\"@type\":\"WebSite\",\"@id\":\"https:\\\/\\\/Regalino-Shop.de\\\/#website\",\"url\":\"https:\\\/\\\/Regalino-Shop.de\\\/\",\"name\":\"Regalino -Lively Style\",\"description\":\"gelebtes Zuhause\",\"potentialAction\":[{\"@type\":\"SearchAction\",\"target\":{\"@type\":\"EntryPoint\",\"urlTemplate\":\"https:\\\/\\\/Regalino-Shop.de\\\/?s={search_term_string}\"},\"query-input\":{\"@type\":\"PropertyValueSpecification\",\"valueRequired\":true,\"valueName\":\"search_term_string\"}}],\"inLanguage\":\"de\"}]}<\/script>\n<!-- \/ Yoast SEO plugin. -->","yoast_head_json":{"title":"Strandtuch \u201eSeas the Day\u201c - Baumwoll Strandtuch - 90 \u00d7 180 cm - Regalino -Lively Style","description":"BaumwolleStrandtuch \u201eSeas the Day\u201c aus 100 % Baumwolle mit maritimem Seemann-Motiv. Gro\u00dfes Badetuch mit Frottee-R\u00fcckseite \u2013 ideal f\u00fcr Strand, Pool und Urlaub.","robots":{"index":"index","follow":"follow","max-snippet":"max-snippet:-1","max-image-preview":"max-image-preview:large","max-video-preview":"max-video-preview:-1"},"canonical":"https:\/\/Regalino-Shop.de\/?product=strandtuch-seas-the-day-baumwoll-strandtuch-90-x-180-cm","og_locale":"de_DE","og_type":"article","og_title":"Strandtuch \u201eSeas the Day\u201c - Baumwoll Strandtuch - 90 \u00d7 180 cm - Regalino -Lively Style","og_description":"BaumwolleStrandtuch \u201eSeas the Day\u201c aus 100 % Baumwolle mit maritimem Seemann-Motiv. Gro\u00dfes Badetuch mit Frottee-R\u00fcckseite \u2013 ideal f\u00fcr Strand, Pool und Urlaub.","og_url":"https:\/\/Regalino-Shop.de\/?product=strandtuch-seas-the-day-baumwoll-strandtuch-90-x-180-cm","og_site_name":"Regalino -Lively Style","article_modified_time":"2026-04-22T12:31:28+00:00","og_image":[{"width":1000,"height":1500,"url":"https:\/\/Regalino-Shop.de\/wp-content\/uploads\/2026\/03\/strandtuch_Badetuch_Mann_See_Chicmic.webp","type":"image\/webp"}],"twitter_card":"summary_large_image","twitter_misc":{"Gesch\u00e4tzte Lesezeit":"1\u00a0Minute"},"schema":{"@context":"https:\/\/schema.org","@graph":[{"@type":"WebPage","@id":"https:\/\/Regalino-Shop.de\/?product=strandtuch-seas-the-day-baumwoll-strandtuch-90-x-180-cm","url":"https:\/\/Regalino-Shop.de\/?product=strandtuch-seas-the-day-baumwoll-strandtuch-90-x-180-cm","name":"Strandtuch \u201eSeas the Day\u201c - Baumwoll Strandtuch - 90 \u00d7 180 cm - Regalino -Lively Style","isPartOf":{"@id":"https:\/\/Regalino-Shop.de\/#website"},"primaryImageOfPage":{"@id":"https:\/\/Regalino-Shop.de\/?product=strandtuch-seas-the-day-baumwoll-strandtuch-90-x-180-cm#primaryimage"},"image":{"@id":"https:\/\/Regalino-Shop.de\/?product=strandtuch-seas-the-day-baumwoll-strandtuch-90-x-180-cm#primaryimage"},"thumbnailUrl":"https:\/\/Regalino-Shop.de\/wp-content\/uploads\/2026\/03\/strandtuch_Badetuch_Mann_See_Chicmic.webp","datePublished":"2026-03-13T17:31:28+00:00","dateModified":"2026-04-22T12:31:28+00:00","description":"BaumwolleStrandtuch \u201eSeas the Day\u201c aus 100 % Baumwolle mit maritimem Seemann-Motiv. Gro\u00dfes Badetuch mit Frottee-R\u00fcckseite \u2013 ideal f\u00fcr Strand, Pool und Urlaub.","breadcrumb":{"@id":"https:\/\/Regalino-Shop.de\/?product=strandtuch-seas-the-day-baumwoll-strandtuch-90-x-180-cm#breadcrumb"},"inLanguage":"de","potentialAction":[{"@type":"ReadAction","target":["https:\/\/Regalino-Shop.de\/?product=strandtuch-seas-the-day-baumwoll-strandtuch-90-x-180-cm"]}]},{"@type":"ImageObject","inLanguage":"de","@id":"https:\/\/Regalino-Shop.de\/?product=strandtuch-seas-the-day-baumwoll-strandtuch-90-x-180-cm#primaryimage","url":"https:\/\/Regalino-Shop.de\/wp-content\/uploads\/2026\/03\/strandtuch_Badetuch_Mann_See_Chicmic.webp","contentUrl":"https:\/\/Regalino-Shop.de\/wp-content\/uploads\/2026\/03\/strandtuch_Badetuch_Mann_See_Chicmic.webp","width":1000,"height":1500,"caption":"Strandtuch Seas the Day mit Seemann Motiv Baumwolle 90x180 cm"},{"@type":"BreadcrumbList","@id":"https:\/\/Regalino-Shop.de\/?product=strandtuch-seas-the-day-baumwoll-strandtuch-90-x-180-cm#breadcrumb","itemListElement":[{"@type":"ListItem","position":1,"name":"Startseite","item":"https:\/\/Regalino-Shop.de\/"},{"@type":"ListItem","position":2,"name":"Shop","item":"https:\/\/Regalino-Shop.de\/?page_id=40"},{"@type":"ListItem","position":3,"name":"Strandtuch \u201eSeas the Day\u201c &#8211; Baumwoll Strandtuch &#8211; 90 \u00d7 180 cm"}]},{"@type":"WebSite","@id":"https:\/\/Regalino-Shop.de\/#website","url":"https:\/\/Regalino-Shop.de\/","name":"Regalino -Lively Style","description":"gelebtes Zuhause","potentialAction":[{"@type":"SearchAction","target":{"@type":"EntryPoint","urlTemplate":"https:\/\/Regalino-Shop.de\/?s={search_term_string}"},"query-input":{"@type":"PropertyValueSpecification","valueRequired":true,"valueName":"search_term_string"}}],"inLanguage":"de"}]}},"_links":{"self":[{"href":"https:\/\/Regalino-Shop.de\/index.php?rest_route=\/wp\/v2\/product\/18237","targetHints":{"allow":["GET"]}}],"collection":[{"href":"https:\/\/Regalino-Shop.de\/index.php?rest_route=\/wp\/v2\/product"}],"about":[{"href":"https:\/\/Regalino-Shop.de\/index.php?rest_route=\/wp\/v2\/types\/product"}],"wp:featuredmedia":[{"embeddable":true,"href":"https:\/\/Regalino-Shop.de\/index.php?rest_route=\/wp\/v2\/media\/18238"}],"wp:attachment":[{"href":"https:\/\/Regalino-Shop.de\/index.php?rest_route=%2Fwp%2Fv2%2Fmedia&parent=18237"}],"wp:term":[{"taxonomy":"product_brand","embeddable":true,"href":"https:\/\/Regalino-Shop.de\/index.php?rest_route=%2Fwp%2Fv2%2Fproduct_brand&post=18237"},{"taxonomy":"product_cat","embeddable":true,"href":"https:\/\/Regalino-Shop.de\/index.php?rest_route=%2Fwp%2Fv2%2Fproduct_cat&post=18237"},{"taxonomy":"product_tag","embeddable":true,"href":"https:\/\/Regalino-Shop.de\/index.php?rest_route=%2Fwp%2Fv2%2Fproduct_tag&post=18237"}],"curies":[{"name":"wp","href":"https:\/\/api.w.org\/{rel}","templated":true}]}}