{"id":7279,"date":"2021-10-16T17:15:11","date_gmt":"2021-10-16T17:15:11","guid":{"rendered":"https:\/\/Regalino-Shop.de\/?post_type=product&#038;p=7279"},"modified":"2023-04-27T13:36:43","modified_gmt":"2023-04-27T13:36:43","slug":"kleines-notizbuch-kora-von-vissevasse","status":"publish","type":"product","link":"https:\/\/Regalino-Shop.de\/?product=kleines-notizbuch-kora-von-vissevasse","title":{"rendered":"kleines Notizbuch *Kora* von VISSEVASSE"},"content":{"rendered":"","protected":false},"excerpt":{"rendered":"<div id=\"tab-product-description\" class=\"ui-tabs-panel ui-widget-content ui-corner-bottom\" role=\"tabpanel\" aria-labelledby=\"ui-id-1\" aria-hidden=\"false\">\n<div class=\"description\">\n<div id=\"tab-product-description\" class=\"ui-tabs-panel ui-widget-content ui-corner-bottom\" role=\"tabpanel\" aria-labelledby=\"ui-id-1\" aria-hidden=\"false\">\n<div class=\"description\">\n<div id=\"tab-product-description\" class=\"ui-tabs-panel ui-widget-content ui-corner-bottom\" role=\"tabpanel\" aria-labelledby=\"ui-id-1\" aria-hidden=\"false\">\n<div class=\"description\">\n<div id=\"tab-product-description\" class=\"ui-tabs-panel ui-widget-content ui-corner-bottom\" role=\"tabpanel\" aria-labelledby=\"ui-id-1\" aria-hidden=\"false\">\n<div class=\"description\">\n<div id=\"tab-product-description\" class=\"ui-tabs-panel ui-widget-content ui-corner-bottom\" role=\"tabpanel\" aria-labelledby=\"ui-id-1\" aria-hidden=\"false\">\n<div class=\"description\">\n<div id=\"tab-product-description\" class=\"ui-tabs-panel ui-widget-content ui-corner-bottom\" role=\"tabpanel\" aria-labelledby=\"ui-id-1\" aria-hidden=\"false\">\n<div class=\"description\">\n<div id=\"tab-product-description\" class=\"ui-tabs-panel ui-widget-content ui-corner-bottom\" role=\"tabpanel\" aria-labelledby=\"ui-id-1\" aria-hidden=\"false\">\n<div class=\"description\">\n<div id=\"tab-product-description\" class=\"ui-tabs-panel ui-widget-content ui-corner-bottom\" role=\"tabpanel\" aria-labelledby=\"ui-id-1\" aria-hidden=\"false\">\n<div class=\"description\">\n<div id=\"tab-product-description\" class=\"ui-tabs-panel ui-widget-content ui-corner-bottom\" role=\"tabpanel\" aria-labelledby=\"ui-id-1\" aria-hidden=\"false\">\n<div class=\"description\">\n<div id=\"tab-product-description\" class=\"ui-tabs-panel ui-widget-content ui-corner-bottom\" role=\"tabpanel\" aria-labelledby=\"ui-id-1\" aria-hidden=\"false\">\n<div class=\"description\">\n<div id=\"tab-product-description\" class=\"ui-tabs-panel ui-widget-content ui-corner-bottom\" role=\"tabpanel\" aria-labelledby=\"ui-id-1\" aria-hidden=\"false\">\n<div class=\"description\">\n<div id=\"tab-product-description\" class=\"ui-tabs-panel ui-widget-content ui-corner-bottom\" role=\"tabpanel\" aria-labelledby=\"ui-id-1\" aria-hidden=\"false\">\n<div class=\"description\">\n<div id=\"tab-product-description\" class=\"ui-tabs-panel ui-widget-content ui-corner-bottom\" role=\"tabpanel\" aria-labelledby=\"ui-id-1\" aria-hidden=\"false\">\n<div class=\"description\">\n<div id=\"tab-product-description\" class=\"ui-tabs-panel ui-widget-content ui-corner-bottom\" role=\"tabpanel\" aria-labelledby=\"ui-id-1\" aria-hidden=\"false\">\n<div class=\"description\">\n<div id=\"tab-product-description\" class=\"ui-tabs-panel ui-widget-content ui-corner-bottom\" role=\"tabpanel\" aria-labelledby=\"ui-id-1\" aria-hidden=\"false\">\n<div class=\"description\">\n<div id=\"tab-product-description\" class=\"ui-tabs-panel ui-widget-content ui-corner-bottom\" role=\"tabpanel\" aria-labelledby=\"ui-id-1\" aria-hidden=\"false\">\n<div class=\"description\">\n<div id=\"tab-product-description\" class=\"ui-tabs-panel ui-widget-content ui-corner-bottom\" role=\"tabpanel\" aria-labelledby=\"ui-id-1\" aria-hidden=\"false\">\n<div class=\"description\">\n<p>kleines Notizbuch *kora* von VISSEVASSE<\/p>\n<div class=\"product-details-wrapper\">\n<div class=\"product-details\">\n<div>\n<div class=\"product-description rte\">\n<p>Sch\u00f6nes rosafarbenes Notizbuch in toller Qualit\u00e4t. Ge\u00f6ffnet zeigt das Notizbuch einen anderen Look.<\/p>\n<p>Das Notizbuch misst 12 x 18 cm und umfasst 80 linierte Seiten zum Schreiben. Au\u00dferdem k\u00f6nnen Sie Ihren Namen, Ihre E-Mail-Adresse und Telefonnummer hineinschreiben, damit jeder wei\u00df, dass es sich um Ihr Notizbuch handelt. Das Notizbuch besteht aus FSC<sup>\u00ae<\/sup>-zertifiziertem Munken Papier (100 g\/m2).<\/p>\n<\/div>\n<\/div>\n<\/div>\n<\/div>\n<\/div>\n<div class=\"description\">\n<p>Din A6<\/p>\n<\/div>\n<\/div>\n<p>Das Produkt ist FSC<sup>\u00ae<\/sup>-zertifiziert. Das FSC-Zeichen ist deine Garantie, dass du ein Papierprodukt mit gutem Gewissen erwerben kannst. Wenn du dich f\u00fcr FSC-zertifizierte Produkte entscheidest, tr\u00e4gst du zum Schutz der W\u00e4lder, sowie der Menschen und Tiere bei, die darin leben.<\/p>\n<\/div>\n<\/div>\n<\/div>\n<\/div>\n<\/div>\n<\/div>\n<\/div>\n<\/div>\n<\/div>\n<\/div>\n<\/div>\n<\/div>\n<\/div>\n<\/div>\n<\/div>\n<\/div>\n<\/div>\n<\/div>\n<\/div>\n<\/div>\n<\/div>\n<\/div>\n<\/div>\n<\/div>\n<\/div>\n<\/div>\n<\/div>\n<\/div>\n<\/div>\n<\/div>\n<\/div>\n<\/div>\n","protected":false},"featured_media":7280,"template":"","meta":{"_et_pb_use_builder":"","_et_pb_old_content":"","_et_gb_content_width":""},"product_brand":[],"product_cat":[57,986],"product_tag":[811,288,810,796,794],"class_list":{"0":"post-7279","1":"product","2":"type-product","3":"status-publish","4":"has-post-thumbnail","6":"product_cat-neu-eingetroffen-neue-lieblingsstuecke-bei-regalino","7":"product_cat-schreiben-notieren-schreibwaren-und-notizbuecher-regalino","8":"product_tag-erinnerungsbuch","9":"product_tag-geschenk","10":"product_tag-notizbuch","11":"product_tag-skandinavien","12":"product_tag-vissevasse","14":"first","15":"instock","16":"taxable","17":"shipping-taxable","18":"purchasable","19":"product-type-simple"},"yoast_head":"<!-- This site is optimized with the Yoast SEO plugin v27.5 - https:\/\/yoast.com\/product\/yoast-seo-wordpress\/ -->\n<title>kleines Notizbuch *Kora* von VISSEVASSE - Regalino -Lively Style<\/title>\n<meta name=\"robots\" content=\"index, follow, max-snippet:-1, max-image-preview:large, max-video-preview:-1\" \/>\n<link rel=\"canonical\" href=\"https:\/\/Regalino-Shop.de\/?product=kleines-notizbuch-kora-von-vissevasse\" \/>\n<meta property=\"og:locale\" content=\"de_DE\" \/>\n<meta property=\"og:type\" content=\"article\" \/>\n<meta property=\"og:title\" content=\"kleines Notizbuch *Kora* von VISSEVASSE - Regalino -Lively Style\" \/>\n<meta property=\"og:description\" content=\"kleines Notizbuch *kora* von VISSEVASSE      Sch\u00f6nes rosafarbenes Notizbuch in toller Qualit\u00e4t. Ge\u00f6ffnet zeigt das Notizbuch einen anderen Look.  Das Notizbuch misst 12 x 18 cm und umfasst 80 linierte Seiten zum Schreiben. Au\u00dferdem k\u00f6nnen Sie Ihren Namen, Ihre E-Mail-Adresse und Telefonnummer hineinschreiben, damit jeder wei\u00df, dass es sich um Ihr Notizbuch handelt. Das Notizbuch besteht aus FSC\u00ae-zertifiziertem Munken Papier (100 g\/m2).         Din A6    Das Produkt ist FSC\u00ae-zertifiziert. Das FSC-Zeichen ist deine Garantie, dass du ein Papierprodukt mit gutem Gewissen erwerben kannst. Wenn du dich f\u00fcr FSC-zertifizierte Produkte entscheidest, tr\u00e4gst du zum Schutz der W\u00e4lder, sowie der Menschen und Tiere bei, die darin leben.\" \/>\n<meta property=\"og:url\" content=\"https:\/\/Regalino-Shop.de\/?product=kleines-notizbuch-kora-von-vissevasse\" \/>\n<meta property=\"og:site_name\" content=\"Regalino -Lively Style\" \/>\n<meta property=\"article:modified_time\" content=\"2023-04-27T13:36:43+00:00\" \/>\n<meta property=\"og:image\" content=\"https:\/\/Regalino-Shop.de\/wp-content\/uploads\/2021\/10\/kora.jpg\" \/>\n\t<meta property=\"og:image:width\" content=\"628\" \/>\n\t<meta property=\"og:image:height\" content=\"750\" \/>\n\t<meta property=\"og:image:type\" content=\"image\/jpeg\" \/>\n<meta name=\"twitter:card\" content=\"summary_large_image\" \/>\n<script type=\"application\/ld+json\" class=\"yoast-schema-graph\">{\"@context\":\"https:\\\/\\\/schema.org\",\"@graph\":[{\"@type\":\"WebPage\",\"@id\":\"https:\\\/\\\/Regalino-Shop.de\\\/?product=kleines-notizbuch-kora-von-vissevasse\",\"url\":\"https:\\\/\\\/Regalino-Shop.de\\\/?product=kleines-notizbuch-kora-von-vissevasse\",\"name\":\"kleines Notizbuch *Kora* von VISSEVASSE - Regalino -Lively Style\",\"isPartOf\":{\"@id\":\"https:\\\/\\\/Regalino-Shop.de\\\/#website\"},\"primaryImageOfPage\":{\"@id\":\"https:\\\/\\\/Regalino-Shop.de\\\/?product=kleines-notizbuch-kora-von-vissevasse#primaryimage\"},\"image\":{\"@id\":\"https:\\\/\\\/Regalino-Shop.de\\\/?product=kleines-notizbuch-kora-von-vissevasse#primaryimage\"},\"thumbnailUrl\":\"https:\\\/\\\/Regalino-Shop.de\\\/wp-content\\\/uploads\\\/2021\\\/10\\\/kora.jpg\",\"datePublished\":\"2021-10-16T17:15:11+00:00\",\"dateModified\":\"2023-04-27T13:36:43+00:00\",\"breadcrumb\":{\"@id\":\"https:\\\/\\\/Regalino-Shop.de\\\/?product=kleines-notizbuch-kora-von-vissevasse#breadcrumb\"},\"inLanguage\":\"de\",\"potentialAction\":[{\"@type\":\"ReadAction\",\"target\":[\"https:\\\/\\\/Regalino-Shop.de\\\/?product=kleines-notizbuch-kora-von-vissevasse\"]}]},{\"@type\":\"ImageObject\",\"inLanguage\":\"de\",\"@id\":\"https:\\\/\\\/Regalino-Shop.de\\\/?product=kleines-notizbuch-kora-von-vissevasse#primaryimage\",\"url\":\"https:\\\/\\\/Regalino-Shop.de\\\/wp-content\\\/uploads\\\/2021\\\/10\\\/kora.jpg\",\"contentUrl\":\"https:\\\/\\\/Regalino-Shop.de\\\/wp-content\\\/uploads\\\/2021\\\/10\\\/kora.jpg\",\"width\":628,\"height\":750},{\"@type\":\"BreadcrumbList\",\"@id\":\"https:\\\/\\\/Regalino-Shop.de\\\/?product=kleines-notizbuch-kora-von-vissevasse#breadcrumb\",\"itemListElement\":[{\"@type\":\"ListItem\",\"position\":1,\"name\":\"Startseite\",\"item\":\"https:\\\/\\\/Regalino-Shop.de\\\/\"},{\"@type\":\"ListItem\",\"position\":2,\"name\":\"Shop\",\"item\":\"https:\\\/\\\/Regalino-Shop.de\\\/?page_id=40\"},{\"@type\":\"ListItem\",\"position\":3,\"name\":\"kleines Notizbuch *Kora* von VISSEVASSE\"}]},{\"@type\":\"WebSite\",\"@id\":\"https:\\\/\\\/Regalino-Shop.de\\\/#website\",\"url\":\"https:\\\/\\\/Regalino-Shop.de\\\/\",\"name\":\"Regalino -Lively Style\",\"description\":\"gelebtes Zuhause\",\"potentialAction\":[{\"@type\":\"SearchAction\",\"target\":{\"@type\":\"EntryPoint\",\"urlTemplate\":\"https:\\\/\\\/Regalino-Shop.de\\\/?s={search_term_string}\"},\"query-input\":{\"@type\":\"PropertyValueSpecification\",\"valueRequired\":true,\"valueName\":\"search_term_string\"}}],\"inLanguage\":\"de\"}]}<\/script>\n<!-- \/ Yoast SEO plugin. -->","yoast_head_json":{"title":"kleines Notizbuch *Kora* von VISSEVASSE - Regalino -Lively Style","robots":{"index":"index","follow":"follow","max-snippet":"max-snippet:-1","max-image-preview":"max-image-preview:large","max-video-preview":"max-video-preview:-1"},"canonical":"https:\/\/Regalino-Shop.de\/?product=kleines-notizbuch-kora-von-vissevasse","og_locale":"de_DE","og_type":"article","og_title":"kleines Notizbuch *Kora* von VISSEVASSE - Regalino -Lively Style","og_description":"kleines Notizbuch *kora* von VISSEVASSE      Sch\u00f6nes rosafarbenes Notizbuch in toller Qualit\u00e4t. Ge\u00f6ffnet zeigt das Notizbuch einen anderen Look.  Das Notizbuch misst 12 x 18 cm und umfasst 80 linierte Seiten zum Schreiben. Au\u00dferdem k\u00f6nnen Sie Ihren Namen, Ihre E-Mail-Adresse und Telefonnummer hineinschreiben, damit jeder wei\u00df, dass es sich um Ihr Notizbuch handelt. Das Notizbuch besteht aus FSC\u00ae-zertifiziertem Munken Papier (100 g\/m2).         Din A6    Das Produkt ist FSC\u00ae-zertifiziert. Das FSC-Zeichen ist deine Garantie, dass du ein Papierprodukt mit gutem Gewissen erwerben kannst. Wenn du dich f\u00fcr FSC-zertifizierte Produkte entscheidest, tr\u00e4gst du zum Schutz der W\u00e4lder, sowie der Menschen und Tiere bei, die darin leben.","og_url":"https:\/\/Regalino-Shop.de\/?product=kleines-notizbuch-kora-von-vissevasse","og_site_name":"Regalino -Lively Style","article_modified_time":"2023-04-27T13:36:43+00:00","og_image":[{"width":628,"height":750,"url":"https:\/\/Regalino-Shop.de\/wp-content\/uploads\/2021\/10\/kora.jpg","type":"image\/jpeg"}],"twitter_card":"summary_large_image","schema":{"@context":"https:\/\/schema.org","@graph":[{"@type":"WebPage","@id":"https:\/\/Regalino-Shop.de\/?product=kleines-notizbuch-kora-von-vissevasse","url":"https:\/\/Regalino-Shop.de\/?product=kleines-notizbuch-kora-von-vissevasse","name":"kleines Notizbuch *Kora* von VISSEVASSE - Regalino -Lively Style","isPartOf":{"@id":"https:\/\/Regalino-Shop.de\/#website"},"primaryImageOfPage":{"@id":"https:\/\/Regalino-Shop.de\/?product=kleines-notizbuch-kora-von-vissevasse#primaryimage"},"image":{"@id":"https:\/\/Regalino-Shop.de\/?product=kleines-notizbuch-kora-von-vissevasse#primaryimage"},"thumbnailUrl":"https:\/\/Regalino-Shop.de\/wp-content\/uploads\/2021\/10\/kora.jpg","datePublished":"2021-10-16T17:15:11+00:00","dateModified":"2023-04-27T13:36:43+00:00","breadcrumb":{"@id":"https:\/\/Regalino-Shop.de\/?product=kleines-notizbuch-kora-von-vissevasse#breadcrumb"},"inLanguage":"de","potentialAction":[{"@type":"ReadAction","target":["https:\/\/Regalino-Shop.de\/?product=kleines-notizbuch-kora-von-vissevasse"]}]},{"@type":"ImageObject","inLanguage":"de","@id":"https:\/\/Regalino-Shop.de\/?product=kleines-notizbuch-kora-von-vissevasse#primaryimage","url":"https:\/\/Regalino-Shop.de\/wp-content\/uploads\/2021\/10\/kora.jpg","contentUrl":"https:\/\/Regalino-Shop.de\/wp-content\/uploads\/2021\/10\/kora.jpg","width":628,"height":750},{"@type":"BreadcrumbList","@id":"https:\/\/Regalino-Shop.de\/?product=kleines-notizbuch-kora-von-vissevasse#breadcrumb","itemListElement":[{"@type":"ListItem","position":1,"name":"Startseite","item":"https:\/\/Regalino-Shop.de\/"},{"@type":"ListItem","position":2,"name":"Shop","item":"https:\/\/Regalino-Shop.de\/?page_id=40"},{"@type":"ListItem","position":3,"name":"kleines Notizbuch *Kora* von VISSEVASSE"}]},{"@type":"WebSite","@id":"https:\/\/Regalino-Shop.de\/#website","url":"https:\/\/Regalino-Shop.de\/","name":"Regalino -Lively Style","description":"gelebtes Zuhause","potentialAction":[{"@type":"SearchAction","target":{"@type":"EntryPoint","urlTemplate":"https:\/\/Regalino-Shop.de\/?s={search_term_string}"},"query-input":{"@type":"PropertyValueSpecification","valueRequired":true,"valueName":"search_term_string"}}],"inLanguage":"de"}]}},"_links":{"self":[{"href":"https:\/\/Regalino-Shop.de\/index.php?rest_route=\/wp\/v2\/product\/7279","targetHints":{"allow":["GET"]}}],"collection":[{"href":"https:\/\/Regalino-Shop.de\/index.php?rest_route=\/wp\/v2\/product"}],"about":[{"href":"https:\/\/Regalino-Shop.de\/index.php?rest_route=\/wp\/v2\/types\/product"}],"wp:featuredmedia":[{"embeddable":true,"href":"https:\/\/Regalino-Shop.de\/index.php?rest_route=\/wp\/v2\/media\/7280"}],"wp:attachment":[{"href":"https:\/\/Regalino-Shop.de\/index.php?rest_route=%2Fwp%2Fv2%2Fmedia&parent=7279"}],"wp:term":[{"taxonomy":"product_brand","embeddable":true,"href":"https:\/\/Regalino-Shop.de\/index.php?rest_route=%2Fwp%2Fv2%2Fproduct_brand&post=7279"},{"taxonomy":"product_cat","embeddable":true,"href":"https:\/\/Regalino-Shop.de\/index.php?rest_route=%2Fwp%2Fv2%2Fproduct_cat&post=7279"},{"taxonomy":"product_tag","embeddable":true,"href":"https:\/\/Regalino-Shop.de\/index.php?rest_route=%2Fwp%2Fv2%2Fproduct_tag&post=7279"}],"curies":[{"name":"wp","href":"https:\/\/api.w.org\/{rel}","templated":true}]}}